{"id":15708,"date":"2023-08-10T06:39:20","date_gmt":"2023-08-10T06:39:20","guid":{"rendered":"https:\/\/mustila.fi\/kasvit\/betula_platyphylla_var_japonica_japansk_bjork\/"},"modified":"2023-09-21T19:56:45","modified_gmt":"2023-09-21T19:56:45","slug":"betulaplatyphyllajaponica","status":"publish","type":"kasvit","link":"https:\/\/mustila.fi\/sv\/plantor\/betulaplatyphyllajaponica\/","title":{"rendered":"Betula platyphylla var. japonica &#8211; japansk bj&#xF6;rk"},"content":{"rendered":"<article role=\"article\" class=\"node node-type-plant node-view-mode-full\"><img decoding=\"async\" src=\"https:\/\/mustila.fi\/wp-content\/uploads\/2023\/08\/betula_platyphylla_japonica_horsholm_jsaarinen.jpg\" alt=\"betula_platyphylla_japonica_horsholm_jsaarinen.jpg\"><\/p>\n<p>Japansk bj\u00f6rk \u00e4r den japanska motsvarigheten till v\u00e5r v\u00e5rtbj\u00f6rk (<em>B. pendula<\/em>). Flere forskare anser den endast vara en form av v\u00e5rtbj\u00f6rk. Granskar man ett levande tr\u00e4d kan man se vissa skillnader. Bladen \u00e4r st\u00f6rre, grenarna h\u00e4nger inte, och barken blir inte m\u00f6rkare med tiden utan den h\u00e5ller kvar sina st\u00e5tliga vita eller ljusr\u00f6da f\u00e4rger. Tr\u00e4det kan i sina hemtrakter bli \u00f6ver 25 meter h\u00f6gt men tillsvidare visar v\u00e5ra finska erfarenheter att tr\u00e4det hos oss blir klart mindre.<\/p>\n<aside id=\"keywords\">\n<h2>Keywords<\/h2>\n<ul>\n<li class=\"ryhmittely\">Lehtipuut ja -pensaat<\/li>\n<li class=\"plants\"><a href=\"\" hreflang=\"und\">Betula<\/a><\/li>\n<li class=\"plants\"><a href=\"\" hreflang=\"und\">Betula mandschurica var. japonica<\/a><\/li>\n<li class=\"plants\"><a href=\"\" hreflang=\"und\">Betula platyphylla<\/a><\/li>\n<li class=\"plants\"><a href=\"\" hreflang=\"und\">Betula platyphylla var. japonica<\/a><\/li>\n<li class=\"plants\"><a href=\"\" hreflang=\"und\">Betula tauschii<\/a><\/li>\n<\/ul>\n<\/aside>\n<\/article>\n","protected":false},"featured_media":6796,"template":"","alueet":[],"kasvilajit":[1113,1096],"class_list":["post-15708","kasvit","type-kasvit","status-publish","has-post-thumbnail","hentry","kasvilajit-betula","kasvilajit-lovtrad_och_buskar"],"_links":{"self":[{"href":"https:\/\/mustila.fi\/sv\/wp-json\/wp\/v2\/kasvit\/15708","targetHints":{"allow":["GET"]}}],"collection":[{"href":"https:\/\/mustila.fi\/sv\/wp-json\/wp\/v2\/kasvit"}],"about":[{"href":"https:\/\/mustila.fi\/sv\/wp-json\/wp\/v2\/types\/kasvit"}],"wp:featuredmedia":[{"embeddable":true,"href":"https:\/\/mustila.fi\/sv\/wp-json\/wp\/v2\/media\/6796"}],"wp:attachment":[{"href":"https:\/\/mustila.fi\/sv\/wp-json\/wp\/v2\/media?parent=15708"}],"wp:term":[{"taxonomy":"alueet","embeddable":true,"href":"https:\/\/mustila.fi\/sv\/wp-json\/wp\/v2\/alueet?post=15708"},{"taxonomy":"kasvilajit","embeddable":true,"href":"https:\/\/mustila.fi\/sv\/wp-json\/wp\/v2\/kasvilajit?post=15708"}],"curies":[{"name":"wp","href":"https:\/\/api.w.org\/{rel}","templated":true}]}}