{"id":15729,"date":"2023-08-10T06:39:25","date_gmt":"2023-08-10T06:39:25","guid":{"rendered":"https:\/\/mustila.fi\/kasvit\/amelanchier_alnifolia_barhaggmispel\/"},"modified":"2023-09-21T13:30:46","modified_gmt":"2023-09-21T13:30:46","slug":"amelanchieralnifolia","status":"publish","type":"kasvit","link":"https:\/\/mustila.fi\/sv\/plantor\/amelanchieralnifolia\/","title":{"rendered":"Amelanchier alnifolia &#8211; b&#xE4;rh&#xE4;ggmispel"},"content":{"rendered":"<article role=\"article\" class=\"node node-type-plant node-view-mode-full\"><img decoding=\"async\" src=\"https:\/\/mustila.fi\/wp-content\/uploads\/2023\/08\/amelanchier_alnifolia_hedelma_jsaarinen.jpg\" alt=\"amelanchier_alnifolia_hedelma_jsaarinen.jpg\"><\/p>\n<p>B\u00e4rh\u00e4ggmispeln som i kommersiellt syfte kallas saskatoon eller bl\u00e5b\u00e4rstr\u00e4d anv\u00e4nds ibland ocks\u00e5 som en prydnadsv\u00e4xt, men oftast odlas den som en nyttov\u00e4xt p\u00e5 grund av de \u00e4tbara b\u00e4ren. P\u00e5 Arboretum Mustila mognar b\u00e4ren i b\u00f6rjan av augusti. Smaken \u00e4r speciell med inslag av bl\u00e5b\u00e4r, r\u00f6nn och plommon samt aningen mandel. B\u00e4ren \u00e4r s\u00f6ta och saknar n\u00e4stan helt syra och anv\u00e4nds d\u00e4rf\u00f6r oftast tillsammans med andra b\u00e4r.<\/p>\n<p>B\u00e4rh\u00e4ggmispeln \u00e4r en flerstammig buske som p\u00e5minner om h\u00e4ggmispeln (<em>A. spicata<\/em>) men som i j\u00e4mf\u00f6relse med den \u00e4r aningen bredare och mera tr\u00e4dlik. Den g\u00f6r inte rotskott men d\u00e4remot nog stubbskott. Bladen \u00e4r oftast trubbiga eller inbuktade i bladspetsen medan sidot\u00e4nderna \u00e4r stora och glest sittande. Blomst\u00e4llningarna \u00e4r som miniatyrer av h\u00e4ggen fast\u00e4n v\u00e4xten utseendem\u00e4ssigt p\u00e5minner mera om r\u00f6nnen.<\/p>\n<p>B\u00e4rh\u00e4ggmispeln \u00e4r inte s\u00e4rskilt allm\u00e4n i Finland men man har p\u00e5tr\u00e4ffat buskar ocks\u00e5 i gamla parker och arboretum. I v\u00e5ra dagar saluf\u00f6r plantskolorna underarter avsedda som b\u00e4rbuskar, tex &#8217;Smoky&#8217; och &#8217;Northline&#8217;.<\/p>\n<p>De b\u00e4rh\u00e4ggmisplar som f\u00f6rekommer p\u00e5 Arboretum Mustila \u00e4r av ok\u00e4nt genetiskt ursprung men de ger goda sk\u00f6rdar och \u00f6vervintrar bra. Buskarna har f\u00f6rvildats och spridits med f\u00e5glar. Faran f\u00f6r f\u00f6rvildning \u00e4r sk\u00e4l att minnas ocks\u00e5 om endast h\u00e4ggmispeln hittills har brett ut sig kraftigt som en fr\u00e4mmande art.<\/p>\n<aside id=\"keywords\">\n<h2>Keywords<\/h2>\n<ul>\n<li class=\"ryhmittely\">Lehtipuut ja -pensaat<\/li>\n<li class=\"plants\"><a href=\"\" hreflang=\"und\">Amelanchier<\/a><\/li>\n<li class=\"plants\"><a href=\"\" hreflang=\"und\">Amelanchier alnifolia<\/a><\/li>\n<li class=\"location\"><a href=\"https:\/\/mustila.fi\/alueet\/etelarinne\" hreflang=\"fi\">Etel\u00e4rinne<\/a><\/li>\n<li class=\"location\"><a href=\"https:\/\/mustila.fi\/alueet\/ketunmaki\" hreflang=\"fi\">Ketunm\u00e4ki<\/a><\/li>\n<\/ul>\n<\/aside>\n<\/article>\n","protected":false},"featured_media":6865,"template":"","alueet":[1060,1054],"kasvilajit":[1166,1096],"class_list":["post-15729","kasvit","type-kasvit","status-publish","has-post-thumbnail","hentry","alueet-etelrinne-sv","alueet-ketunmki-sv","kasvilajit-amelanchier","kasvilajit-lovtrad_och_buskar"],"_links":{"self":[{"href":"https:\/\/mustila.fi\/sv\/wp-json\/wp\/v2\/kasvit\/15729","targetHints":{"allow":["GET"]}}],"collection":[{"href":"https:\/\/mustila.fi\/sv\/wp-json\/wp\/v2\/kasvit"}],"about":[{"href":"https:\/\/mustila.fi\/sv\/wp-json\/wp\/v2\/types\/kasvit"}],"wp:featuredmedia":[{"embeddable":true,"href":"https:\/\/mustila.fi\/sv\/wp-json\/wp\/v2\/media\/6865"}],"wp:attachment":[{"href":"https:\/\/mustila.fi\/sv\/wp-json\/wp\/v2\/media?parent=15729"}],"wp:term":[{"taxonomy":"alueet","embeddable":true,"href":"https:\/\/mustila.fi\/sv\/wp-json\/wp\/v2\/alueet?post=15729"},{"taxonomy":"kasvilajit","embeddable":true,"href":"https:\/\/mustila.fi\/sv\/wp-json\/wp\/v2\/kasvilajit?post=15729"}],"curies":[{"name":"wp","href":"https:\/\/api.w.org\/{rel}","templated":true}]}}