{"id":15739,"date":"2023-08-10T06:39:25","date_gmt":"2023-08-10T06:39:25","guid":{"rendered":"https:\/\/mustila.fi\/kasvit\/symphytum_uplandicum_upplandsk_vallort\/"},"modified":"2023-09-25T17:46:11","modified_gmt":"2023-09-25T17:46:11","slug":"symphytumuplandicum","status":"publish","type":"kasvit","link":"https:\/\/mustila.fi\/sv\/plantor\/symphytumuplandicum\/","title":{"rendered":"Symphytum &#xD7; uplandicum &#8211; uppl&#xE4;ndsk vall&#xF6;rt"},"content":{"rendered":"<article role=\"article\" class=\"node node-type-plant node-view-mode-full\"><img decoding=\"async\" src=\"https:\/\/mustila.fi\/wp-content\/uploads\/2023\/08\/symphytum_uplandicum_espoo_kristiantheqvist.jpg\" alt=\"symphytum_uplandicum_espoo_kristiantheqvist.jpg\"><\/p>\n<p>Den uppl\u00e4ndska vall\u00f6rten \u00e4r en kraftigt v\u00e4xande korsning av \u00e4kta vall\u00f6rt (<em>S. officinale<\/em>) och fodervall\u00f6rt (<em>S. asperum<\/em>). Den \u00e4kta vall\u00f6rten \u00e4r en gammal europeisk medicinalv\u00e4xt medan fodervall\u00f6rten h\u00e4rstammar fr\u00e5n Kaukasus. Dessa tr\u00e4ffades i Sverige i mitten av 1800-talet d\u00e5 den f\u00f6rsta beskrivningen av en korsning mellan dessa har noterats i Mellansverige. Allt sedan dess har den uppl\u00e4ndska vall\u00f6rten odlats som prydnadsv\u00e4xt. Den blommar under h\u00f6gsommaren med relativt sm\u00e5 tubformade blommor som skiftar i bl\u00e5tt och r\u00f6tt.<\/p>\n<p>Av de ovann\u00e4mnda vall\u00f6rterna \u00e4r den uppl\u00e4ndska vall\u00f6rten den som mest f\u00f6rekommer i Finland och som man kan se i n\u00e4rheten av gammal bost\u00e4ttning. I Mustila v\u00e4xer den uppl\u00e4ndska vall\u00f6rten f\u00f6rvildad runt ruinen p\u00e5 Ketunm\u00e4ki (R\u00e4vbacken) och huset det vill s\u00e4ga kanslibyggnaden p\u00e5 Nikkarinm\u00e4ki (Snickarbacken). Den sprider sig med hj\u00e4lp av det underjordiska rotsystemet och som kraftigtv\u00e4xande f\u00f6rsvarar den sig v\u00e4l. Den bildar massor med blad vilka man kan bl\u00f6tl\u00e4gga i vatten och sedan anv\u00e4nda vattnet f\u00f6r g\u00f6dning. Man t\u00e4nkte sig \u00e4ven en g\u00e5ng att vall\u00f6rterna skulle kunna anv\u00e4ndas som foderv\u00e4xter, men djuren tyckte inte om dem.<\/p>\n<aside id=\"keywords\">\n<h2>Keywords<\/h2>\n<ul>\n<li class=\"ryhmittely\">Perennat<\/li>\n<li class=\"plants\"><a href=\"\" hreflang=\"und\">Symphytum<\/a><\/li>\n<li class=\"plants\"><a href=\"\" hreflang=\"und\">Symphytum x uplandicum<\/a><\/li>\n<li class=\"location\"><a href=\"https:\/\/mustila.fi\/alueet\/etelarinne\" hreflang=\"fi\">Etel\u00e4rinne<\/a><\/li>\n<li class=\"location\"><a href=\"\" hreflang=\"fi\">Nikkarinm\u00e4ki<\/a><\/li>\n<\/ul>\n<\/aside>\n<\/article>\n","protected":false},"featured_media":6899,"template":"","alueet":[1060,1057],"kasvilajit":[1183],"class_list":["post-15739","kasvit","type-kasvit","status-publish","has-post-thumbnail","hentry","alueet-etelrinne-sv","alueet-nikkarinmki-sv","kasvilajit-symphytum"],"_links":{"self":[{"href":"https:\/\/mustila.fi\/sv\/wp-json\/wp\/v2\/kasvit\/15739","targetHints":{"allow":["GET"]}}],"collection":[{"href":"https:\/\/mustila.fi\/sv\/wp-json\/wp\/v2\/kasvit"}],"about":[{"href":"https:\/\/mustila.fi\/sv\/wp-json\/wp\/v2\/types\/kasvit"}],"wp:featuredmedia":[{"embeddable":true,"href":"https:\/\/mustila.fi\/sv\/wp-json\/wp\/v2\/media\/6899"}],"wp:attachment":[{"href":"https:\/\/mustila.fi\/sv\/wp-json\/wp\/v2\/media?parent=15739"}],"wp:term":[{"taxonomy":"alueet","embeddable":true,"href":"https:\/\/mustila.fi\/sv\/wp-json\/wp\/v2\/alueet?post=15739"},{"taxonomy":"kasvilajit","embeddable":true,"href":"https:\/\/mustila.fi\/sv\/wp-json\/wp\/v2\/kasvilajit?post=15739"}],"curies":[{"name":"wp","href":"https:\/\/api.w.org\/{rel}","templated":true}]}}