{"id":15755,"date":"2023-08-10T06:39:30","date_gmt":"2023-08-10T06:39:30","guid":{"rendered":"https:\/\/mustila.fi\/kasvit\/rhododendron_maximum_sommarrododendron\/"},"modified":"2023-09-22T17:45:51","modified_gmt":"2023-09-22T17:45:51","slug":"rhododendronmaximum","status":"publish","type":"kasvit","link":"https:\/\/mustila.fi\/sv\/plantor\/rhododendronmaximum\/","title":{"rendered":"Rhododendron maximum &#8211; sommarrododendron"},"content":{"rendered":"<article role=\"article\" class=\"node node-type-plant node-view-mode-full\"><img decoding=\"async\" src=\"https:\/\/mustila.fi\/wp-content\/uploads\/2023\/08\/rhododendron_maximum_kukinta_jsaarinen.jpg\" alt=\"rhododendron_maximum_kukinta_jsaarinen.jpg\"><\/p>\n<p>Sommarrododendron anses vara en av de allra h\u00e4rdigaste vilda alprosorna. Artens naturliga v\u00e4xtplatser i de \u00f6stra delarna av Nordamerika str\u00e4cker sig till New England vars vintrar i n\u00e5gon m\u00e5n motsvarar v\u00e5ra egna f\u00f6rh\u00e5llanden. Vissa rododendronentusiaster ifr\u00e5gas\u00e4tter sommarrododendron som en tr\u00e4dg\u00e5rdsv\u00e4xt. Orsaken \u00e4r buskens spretiga v\u00e4xts\u00e4tt och sena blomning som delvis d\u00f6ljs under den nya tillv\u00e4xten. \u00c5 andra sidan \u00e4r busken tvungen att i finl\u00e4ndska f\u00f6rh\u00e5llanden f\u00f6rl\u00e4nga blomningsperioden in i juli. Blommorna \u00e4r klart vita, ibland med ett inslag av r\u00f6tt eller violett. I det \u00f6versta kronbladet sitter en gulgr\u00f6n fl\u00e4ck.<\/p>\n<p>I naturen trivs sommarrododendron b\u00e4st i vindskyddade, skuggiga d\u00e4lder, tom i k\u00e4rrmarker d\u00e4r den p\u00e5 sina b\u00e4sta v\u00e4xtplatser kan utveckla oigenomtr\u00e4ngliga sn\u00e5r eller snabbt v\u00e4xa till ett litet tr\u00e4d. Hos oss blir busken under tv\u00e5 meter men den kan breda ut sina grenar \u00f6ver flere kvadratmeter.<\/p>\n<p>Det \u00e4r l\u00e4tt att k\u00e4nna igen sommarrododendron ocks\u00e5 om man inte skulle ha s\u00e4tt den. Typiskt f\u00f6r den \u00e4r sm\u00e5bladen vid tillv\u00e4xtpunkten genom vilka man l\u00e4tt kan skilja den fr\u00e5n tex mustilarododendron\u00a0 (<em>R. brachycarpum<\/em> var. <em>tigerstedtii<\/em>).<\/p>\n<aside id=\"keywords\">\n<h2>Keywords<\/h2>\n<ul>\n<li class=\"ryhmittely\">Lehtipuut ja -pensaat<\/li>\n<li class=\"plants\"><a href=\"\" hreflang=\"und\">Rhododendron<\/a><\/li>\n<li class=\"plants\"><a href=\"\" hreflang=\"und\">Rhododendron maximum<\/a><\/li>\n<li class=\"location\"><a href=\"https:\/\/mustila.fi\/alueet\/alppiruusulaakso\" hreflang=\"fi\">Alppiruusulaakso<\/a><\/li>\n<\/ul>\n<\/aside>\n<\/article>\n","protected":false},"featured_media":6963,"template":"","alueet":[17,1006],"kasvilajit":[2064,76,1150],"class_list":["post-15755","kasvit","type-kasvit","status-publish","has-post-thumbnail","hentry","alueet-alppiruusulaakso","alueet-alppiruusulaakso-en","kasvilajit-alppiruusulajit-sv","kasvilajit-rhododendron"],"_links":{"self":[{"href":"https:\/\/mustila.fi\/sv\/wp-json\/wp\/v2\/kasvit\/15755","targetHints":{"allow":["GET"]}}],"collection":[{"href":"https:\/\/mustila.fi\/sv\/wp-json\/wp\/v2\/kasvit"}],"about":[{"href":"https:\/\/mustila.fi\/sv\/wp-json\/wp\/v2\/types\/kasvit"}],"wp:featuredmedia":[{"embeddable":true,"href":"https:\/\/mustila.fi\/sv\/wp-json\/wp\/v2\/media\/6963"}],"wp:attachment":[{"href":"https:\/\/mustila.fi\/sv\/wp-json\/wp\/v2\/media?parent=15755"}],"wp:term":[{"taxonomy":"alueet","embeddable":true,"href":"https:\/\/mustila.fi\/sv\/wp-json\/wp\/v2\/alueet?post=15755"},{"taxonomy":"kasvilajit","embeddable":true,"href":"https:\/\/mustila.fi\/sv\/wp-json\/wp\/v2\/kasvilajit?post=15755"}],"curies":[{"name":"wp","href":"https:\/\/api.w.org\/{rel}","templated":true}]}}