{"id":15813,"date":"2023-08-10T06:40:03","date_gmt":"2023-08-10T06:40:03","guid":{"rendered":"https:\/\/mustila.fi\/kasvit\/caragana_turkestanica_turkestansk_karagan\/"},"modified":"2024-02-27T17:24:41","modified_gmt":"2024-02-27T17:24:41","slug":"caraganaturkestanica","status":"publish","type":"kasvit","link":"https:\/\/mustila.fi\/sv\/plantor\/caraganaturkestanica\/","title":{"rendered":"Caragana turkestanica &#8211; turkestansk karagan"},"content":{"rendered":"<article role=\"article\" class=\"node node-type-plant node-view-mode-full\">Den h\u00e4r \u00e4rtbusken kommer fr\u00e5n Turkestan i mellersta Asien. Den p\u00e5minner mycket om sin \u00f6stliga sl\u00e4kting sibirisk \u00e4rtbuske (<em>C. arborescens<\/em>) som hos oss anv\u00e4nds allm\u00e4nt som h\u00e4ckv\u00e4xt. Bladen hos den turkestanska karaganen\u00e4r n\u00e5got m\u00f6rkare och busken blir inte lika stor som den sibiriska \u00e4rtbusken. Busken blommar i gult om v\u00e5ren och utvecklar baljor p\u00e5 \u00e4rtv\u00e4xters vis.<\/p>\n<p>I Finland har man \u00e4nnu ringa erfarnhet av den turkenska karaganen men Arboretum Mustilas erfarenheter tyder p\u00e5 att den \u00e4r mycket h\u00e4rdig. Den \u00e4r inte lika mottaglig f\u00f6r mj\u00f6ldagg som den sibiriska \u00e4rtbusken och kunde d\u00e4rf\u00f6r f\u00e5 en roll som ers\u00e4ttande alternativ i anl\u00e4ggningsarbeten. Den trivs ocks\u00e5 i kargare f\u00f6rh\u00e5llanden eftersom \u00e4rtv\u00e4xtens r\u00f6tter f\u00f6rm\u00e5r binda luftens kv\u00e4ve.<\/p>\n<aside id=\"keywords\">\n<h2>Keywords<\/h2>\n<ul>\n<li class=\"ryhmittely\">Lehtipuut ja -pensaat<\/li>\n<li class=\"plants\"><a href=\"\" hreflang=\"und\">Caragana<\/a><\/li>\n<li class=\"plants\"><a href=\"\" hreflang=\"und\">Caragana turkestanica<\/a><\/li>\n<\/ul>\n<\/aside>\n<\/article>\n","protected":false},"featured_media":0,"template":"","alueet":[],"kasvilajit":[1303,1096],"class_list":["post-15813","kasvit","type-kasvit","status-publish","hentry","kasvilajit-caragana","kasvilajit-lovtrad_och_buskar"],"_links":{"self":[{"href":"https:\/\/mustila.fi\/sv\/wp-json\/wp\/v2\/kasvit\/15813","targetHints":{"allow":["GET"]}}],"collection":[{"href":"https:\/\/mustila.fi\/sv\/wp-json\/wp\/v2\/kasvit"}],"about":[{"href":"https:\/\/mustila.fi\/sv\/wp-json\/wp\/v2\/types\/kasvit"}],"wp:attachment":[{"href":"https:\/\/mustila.fi\/sv\/wp-json\/wp\/v2\/media?parent=15813"}],"wp:term":[{"taxonomy":"alueet","embeddable":true,"href":"https:\/\/mustila.fi\/sv\/wp-json\/wp\/v2\/alueet?post=15813"},{"taxonomy":"kasvilajit","embeddable":true,"href":"https:\/\/mustila.fi\/sv\/wp-json\/wp\/v2\/kasvilajit?post=15813"}],"curies":[{"name":"wp","href":"https:\/\/api.w.org\/{rel}","templated":true}]}}