{"id":15852,"date":"2023-08-10T06:40:12","date_gmt":"2023-08-10T06:40:12","guid":{"rendered":"https:\/\/mustila.fi\/kasvit\/anemone_nemorosa_f_alba_plena_vitsippa\/"},"modified":"2023-09-21T14:08:36","modified_gmt":"2023-09-21T14:08:36","slug":"anemonenemorosaalbaplena","status":"publish","type":"kasvit","link":"https:\/\/mustila.fi\/sv\/plantor\/anemonenemorosaalbaplena\/","title":{"rendered":"Anemone nemorosa f. alba plena &#8211; vitsippa"},"content":{"rendered":"<article role=\"article\" class=\"node node-type-plant node-view-mode-full\"><img decoding=\"async\" src=\"https:\/\/mustila.fi\/wp-content\/uploads\/2023\/08\/Kerrottu_valkovuokko_postikorttityylisessa_kuvassa.jpg\" alt=\"Anemone nemorosa f. alba plena \u00a9jaakko\"><\/p>\n<p>De inhemska vitsipporna blommar i Arboretum Mustila i m\u00e4ngder i b\u00f6rjan av maj. N\u00e4r de redan vissnat i mitten av maj sl\u00e5r en dubbelbladig form ut i blom i Rhododendrondalen. De matttlika vegetationerna breder ut sig i v\u00e5rsolens sken. Blomningstiden kan tyckas l\u00e5ng, eftersom den kommer som en forts\u00e4ttning p\u00e5 den naturliga vitsippan. Den dubbla formen har en l\u00e4ngre blomningstid. N\u00e4r pollineringen har genomf\u00f6rts i den enkla blomman startar fr\u00f6ernas utveckling och blomman vissnar snabbt. Ju mer dubbelbladig blomma, desto mindre m\u00f6jligheter till pollinering. Det verkar som om blomman blir v\u00e4ntande p\u00e5 en pollinerare som aldrig kommer.<\/p>\n<p>I Arboretum Mustila ser det ut som om vitsippan tillf\u00e4lligtvis skulle f\u00f6r\u00f6ka sig ocks\u00e5 fr\u00e5n fr\u00f6er, eftersom det f\u00f6rekommer skillnader i blommorna mellan olika vegetationer. Merparten breder ut sig l\u00e5ngsamt med underjordiska revor.<\/p>\n<aside id=\"keywords\">\n<h2>Keywords<\/h2>\n<ul>\n<li class=\"ryhmittely\">Perennat<\/li>\n<li class=\"plants\"><a href=\"\" hreflang=\"und\">Anemone<\/a><\/li>\n<li class=\"plants\"><a href=\"\" hreflang=\"und\">Anemone nemerosa f. alba plena<\/a><\/li>\n<li class=\"plants\"><a href=\"\" hreflang=\"und\">Anemone nemorosa<\/a><\/li>\n<li class=\"location\"><a href=\"https:\/\/mustila.fi\/alueet\/alppiruusulaakso\" hreflang=\"fi\">Alppiruusulaakso<\/a><\/li>\n<\/ul>\n<\/aside>\n<\/article>\n","protected":false},"featured_media":7326,"template":"","alueet":[1007],"kasvilajit":[1362],"class_list":["post-15852","kasvit","type-kasvit","status-publish","has-post-thumbnail","hentry","alueet-alppiruusulaakso-sv","kasvilajit-anemone"],"_links":{"self":[{"href":"https:\/\/mustila.fi\/sv\/wp-json\/wp\/v2\/kasvit\/15852","targetHints":{"allow":["GET"]}}],"collection":[{"href":"https:\/\/mustila.fi\/sv\/wp-json\/wp\/v2\/kasvit"}],"about":[{"href":"https:\/\/mustila.fi\/sv\/wp-json\/wp\/v2\/types\/kasvit"}],"wp:featuredmedia":[{"embeddable":true,"href":"https:\/\/mustila.fi\/sv\/wp-json\/wp\/v2\/media\/7326"}],"wp:attachment":[{"href":"https:\/\/mustila.fi\/sv\/wp-json\/wp\/v2\/media?parent=15852"}],"wp:term":[{"taxonomy":"alueet","embeddable":true,"href":"https:\/\/mustila.fi\/sv\/wp-json\/wp\/v2\/alueet?post=15852"},{"taxonomy":"kasvilajit","embeddable":true,"href":"https:\/\/mustila.fi\/sv\/wp-json\/wp\/v2\/kasvilajit?post=15852"}],"curies":[{"name":"wp","href":"https:\/\/api.w.org\/{rel}","templated":true}]}}