{"id":15860,"date":"2023-08-10T06:40:17","date_gmt":"2023-08-10T06:40:17","guid":{"rendered":"https:\/\/mustila.fi\/kasvit\/claytonia_sibirica_varskona\/"},"modified":"2023-09-21T18:09:47","modified_gmt":"2023-09-21T18:09:47","slug":"claytoniasibirica","status":"publish","type":"kasvit","link":"https:\/\/mustila.fi\/sv\/plantor\/claytoniasibirica\/","title":{"rendered":"Claytonia sibirica &#8211; v&#xE5;rsk&#xF6;na"},"content":{"rendered":"<article role=\"article\" class=\"node node-type-plant node-view-mode-full\"><img decoding=\"async\" src=\"https:\/\/mustila.fi\/wp-content\/uploads\/2023\/08\/claytonia_sibirica_ssimovaara.jpg\" alt=\"Claytonia sibirica \u00a9 Susanna\"><\/p>\n<p>I Rhododendrondalen och vid Terrassen blommar markytan hejdl\u00f6st i ljusr\u00f6tt och vitt i b\u00f6rjan av sommaren, och den l\u00e5ga v\u00e5rsk\u00f6nans blomning forts\u00e4tter i mindre utstr\u00e4ckning igenom hela sommaren f\u00f6r att ta ny fart n\u00e4r h\u00f6stregnen s\u00e4tter in. N\u00e4r man b\u00f6jer sig ner kan man se att kronbladen har en anilinr\u00f6d \u00e5dring och att det ing\u00e5r helt vita blommor.<\/p>\n<p>V\u00e5rsk\u00f6nan \u00e4r en ett\u00e5rig eller kortvarig perenn gr\u00e4sv\u00e4xt som trivs i skuggiga, friska och mullrika platser. Man l\u00e4gger inte m\u00e4rke till v\u00e5rsk\u00f6nans korta livstid eftersom det hela tiden utvecklas nya plantor. Myrorna f\u00f6rb\u00e4ttrar spridningen genom att transportera fr\u00f6er f\u00f6r den n\u00e4ring de inneh\u00e5ller. I Arboretum Mustila har v\u00e5rsk\u00f6nan helt acklimatiserat sig och upptr\u00e4der som en naturlig v\u00e4xt. Det verkar som om den, efter att ha f\u00f6rvildat sig i den lundartade skogen, snabbt kunde utvecklas till en aggressiv fr\u00e4mmande art som st\u00f6r balansen i det ursprungliga landskapet och som i praktiken \u00e4r om\u00f6jlig att utrota. Den ansvarsk\u00e4nnande tr\u00e4dg\u00e5rdsm\u00e4staren borde d\u00e4rf\u00f6r noga \u00f6verv\u00e4ga var han planterar v\u00e5rsk\u00f6na och om han \u00f6verhuvudtaget g\u00f6r det.<\/p>\n<p>V\u00e5rsk\u00f6nan har f\u00e5tt sitt namn efter en av de f\u00f6rsta amerikanska botanikerna, John Clayton som verkade p\u00e5 1700 -talet. Den nordamerikanska ursprungsbefolkningen s\u00e4gs ha \u00e4tit v\u00e5rsk\u00f6nans blad, skaft och blommor som sallat, och med s\u00e4kerhet hj\u00e4lpte v\u00e4xten mot sk\u00f6rbjugg. V\u00e5rsk\u00f6na v\u00e4xer ocks\u00e5 p\u00e5 Komandor -\u00f6arna som h\u00f6r till Ryssland, d\u00e4rifr\u00e5n v\u00e4xten kom till Arboretum Mustila.<\/p>\n<aside id=\"keywords\">\n<h2>Keywords<\/h2>\n<ul>\n<li class=\"ryhmittely\">Perennat<\/li>\n<li class=\"plants\"><a href=\"\" hreflang=\"und\">Claytonia<\/a><\/li>\n<li class=\"plants\"><a href=\"\" hreflang=\"und\">Claytonia sibirica<\/a><\/li>\n<li class=\"location\"><a href=\"https:\/\/mustila.fi\/alueet\/alppiruusulaakso\" hreflang=\"fi\">Alppiruusulaakso<\/a><\/li>\n<li class=\"location\"><a href=\"https:\/\/mustila.fi\/alueet\/atsalearinne\" hreflang=\"fi\">Atsalearinne<\/a><\/li>\n<li class=\"location\"><a href=\"https:\/\/mustila.fi\/alueet\/havuterassi\" hreflang=\"fi\">Havuterassi<\/a><\/li>\n<\/ul>\n<\/aside>\n<\/article>\n","protected":false},"featured_media":7367,"template":"","alueet":[1007,1013,1016],"kasvilajit":[1382],"class_list":["post-15860","kasvit","type-kasvit","status-publish","has-post-thumbnail","hentry","alueet-alppiruusulaakso-sv","alueet-atsalearinne-sv","alueet-havuterassi-sv","kasvilajit-claytonia"],"_links":{"self":[{"href":"https:\/\/mustila.fi\/sv\/wp-json\/wp\/v2\/kasvit\/15860","targetHints":{"allow":["GET"]}}],"collection":[{"href":"https:\/\/mustila.fi\/sv\/wp-json\/wp\/v2\/kasvit"}],"about":[{"href":"https:\/\/mustila.fi\/sv\/wp-json\/wp\/v2\/types\/kasvit"}],"wp:featuredmedia":[{"embeddable":true,"href":"https:\/\/mustila.fi\/sv\/wp-json\/wp\/v2\/media\/7367"}],"wp:attachment":[{"href":"https:\/\/mustila.fi\/sv\/wp-json\/wp\/v2\/media?parent=15860"}],"wp:term":[{"taxonomy":"alueet","embeddable":true,"href":"https:\/\/mustila.fi\/sv\/wp-json\/wp\/v2\/alueet?post=15860"},{"taxonomy":"kasvilajit","embeddable":true,"href":"https:\/\/mustila.fi\/sv\/wp-json\/wp\/v2\/kasvilajit?post=15860"}],"curies":[{"name":"wp","href":"https:\/\/api.w.org\/{rel}","templated":true}]}}