{"id":15878,"date":"2023-08-10T06:40:22","date_gmt":"2023-08-10T06:40:22","guid":{"rendered":"https:\/\/mustila.fi\/kasvit\/celtis_occidentalis_baralm\/"},"modified":"2024-02-28T12:48:31","modified_gmt":"2024-02-28T12:48:31","slug":"celtisoccidentalis","status":"publish","type":"kasvit","link":"https:\/\/mustila.fi\/sv\/plantor\/celtisoccidentalis\/","title":{"rendered":"Celtis occidentalis &#8211; b&#xE4;ralm"},"content":{"rendered":"<article role=\"article\" class=\"node node-type-plant node-view-mode-full\">Celtisen \u00e4r n\u00e4ra sl\u00e4kt med almen (<em>Ulmus<\/em>). B\u00e4ralmen \u00e4r den ena av tv\u00e5 nordamerikanska arter. Den v\u00e4xer p\u00e5 vidstr\u00e4ckta omr\u00e5den i den milda v\u00e4xtzonen och klarar tom pr\u00e4riens torra och isande kalla vinterklimat. B\u00e4ralmen har aldrig spridit sig i Europa fast\u00e4n den h\u00e4mtades hit redan p\u00e5 1600 -talet. Celtisarna har ett vackert livfullt gr\u00f6nt l\u00f6vverk med uppt\u00e5triktade grenar som i sina yttre spetsarna b\u00f6jer sig ner\u00e5t och bildar en vacker krona. Sm\u00e5 oansenliga blommmor under v\u00e5ren utveklas till sm\u00e5 stenfrukter som under sommaren f\u00e4rgas r\u00f6da f\u00f6r att senare \u00f6verg\u00e5 i bl\u00e5tt. B\u00e4ren \u00e4r \u00e4tbara. Smaken har j\u00e4mf\u00f6rts med smaken hos dadel men b\u00e4ren plockas knappast alls eftersom det inte finns s\u00e5 mycket att \u00e4ta runt den stora k\u00e4rnan. B\u00e4ren uppskattas d\u00e4remot av flere f\u00e5gelarter och av andra djur i skogen.<\/p>\n<p>Hos oss har man inte \u00e4nnu n\u00e5gon l\u00e5ngvarig erfarenhet av att odla b\u00e4ralm men unga tr\u00e4d har tillsvidare klarat sig bra hos tr\u00e4dentusiaster i s\u00f6dra Finland. De b\u00e4ralmar som finns p\u00e5 Arboretum Mustila har dragits upp fr\u00e5n fr\u00f6er insamlade under fr\u00f6insamlingsexpeditionen \u00e5r 1993. De plockades vid s\u00f6dra stranden av Manitobasj\u00f6n d\u00e4r det existerar en s\u00e4rskild synnerligen nordlig f\u00f6rekomst som en relikt av den varmare klimatperioden.<\/p>\n<aside id=\"keywords\">\n<h2>Keywords<\/h2>\n<ul>\n<li class=\"ryhmittely\">Lehtipuut ja -pensaat<\/li>\n<li class=\"plants\"><a href=\"\" hreflang=\"und\">Celtis<\/a><\/li>\n<li class=\"plants\"><a href=\"\" hreflang=\"und\">Celtis occidentalis<\/a><\/li>\n<\/ul>\n<\/aside>\n<\/article>\n","protected":false},"featured_media":0,"template":"","alueet":[],"kasvilajit":[1405,1096],"class_list":["post-15878","kasvit","type-kasvit","status-publish","hentry","kasvilajit-celtis","kasvilajit-lovtrad_och_buskar"],"_links":{"self":[{"href":"https:\/\/mustila.fi\/sv\/wp-json\/wp\/v2\/kasvit\/15878","targetHints":{"allow":["GET"]}}],"collection":[{"href":"https:\/\/mustila.fi\/sv\/wp-json\/wp\/v2\/kasvit"}],"about":[{"href":"https:\/\/mustila.fi\/sv\/wp-json\/wp\/v2\/types\/kasvit"}],"wp:attachment":[{"href":"https:\/\/mustila.fi\/sv\/wp-json\/wp\/v2\/media?parent=15878"}],"wp:term":[{"taxonomy":"alueet","embeddable":true,"href":"https:\/\/mustila.fi\/sv\/wp-json\/wp\/v2\/alueet?post=15878"},{"taxonomy":"kasvilajit","embeddable":true,"href":"https:\/\/mustila.fi\/sv\/wp-json\/wp\/v2\/kasvilajit?post=15878"}],"curies":[{"name":"wp","href":"https:\/\/api.w.org\/{rel}","templated":true}]}}