{"id":15900,"date":"2023-08-10T06:40:26","date_gmt":"2023-08-10T06:40:26","guid":{"rendered":"https:\/\/mustila.fi\/kasvit\/bergenia_cordifolia_hjartbergenia\/"},"modified":"2023-09-21T17:42:35","modified_gmt":"2023-09-21T17:42:35","slug":"bergeniacordifolia","status":"publish","type":"kasvit","link":"https:\/\/mustila.fi\/sv\/plantor\/bergeniacordifolia\/","title":{"rendered":"Bergenia cordifolia &#8211; hj&#xE4;rtbergenia"},"content":{"rendered":"<article role=\"article\" class=\"node node-type-plant node-view-mode-full\"><img decoding=\"async\" src=\"https:\/\/mustila.fi\/wp-content\/uploads\/2023\/08\/bergenia_cordifolia_ssimovaara.jpg\" alt=\"Bergenia cordifolia \u00a9 Susanna\"><\/p>\n<p>Hj\u00e4rtbergenia \u00e4r en s\u00e4ker markt\u00e4ckare som man ser planterad i stora m\u00e4ngder och p\u00e5 mycket olika st\u00e4llen. P\u00e5 ett torrt stenstaket blir bladen sm\u00e5 och kan f\u00e5 en kraftfull r\u00f6d f\u00e4rg. P\u00e5 en mullrik v\u00e4xtplats \u00e4r bladen gl\u00e4nsande gr\u00f6na, h\u00f6gre och mer t\u00e4ckande och f\u00f6rblir gr\u00f6na under vintern. Hj\u00e4rtbergenian trivs bra i Mustila och kan ses i perennarabatten vid v\u00e4gen som g\u00e5r fr\u00e5n kaf\u00e9et till Juhlapaikka (Festplatsen).<\/p>\n<p>Blomst\u00e4llningarna som p\u00e5 v\u00e5ren reser sig ovanf\u00f6r bladverket har rosar\u00f6da blommor. Hos hj\u00e4rtbergenior i perennaplanteringar kan man se m\u00e5nga olika f\u00e4rgskiftningar. Det h\u00e4r beror p\u00e5 att i odling finns ocks\u00e5 andra arter och sorter samt korsningar med ok\u00e4nda ursprung.<\/p>\n<p>\u00c4ven p\u00e5 ov\u00e4ntade st\u00e4llen kan man tr\u00e4ffa p\u00e5 bergenior. D\u00e5 man fraktar v\u00e4xtrester fr\u00e5n tr\u00e4dg\u00e5rden ut i naturen kan rotbitar som f\u00f6ljt med b\u00f6rja v\u00e4xa. Eftersom bladen \u00e4r tjocka och l\u00e4derartade torkar de inte genast utan rotbitarna hinner bilda r\u00f6tter.<\/p>\n<aside id=\"keywords\">\n<h2>Keywords<\/h2>\n<ul>\n<li class=\"ryhmittely\">Perennat<\/li>\n<li class=\"plants\"><a href=\"\" hreflang=\"und\">Bergenia<\/a><\/li>\n<li class=\"plants\"><a href=\"\" hreflang=\"und\">Bergenia cordifolia<\/a><\/li>\n<\/ul>\n<\/aside>\n<\/article>\n","protected":false},"featured_media":7517,"template":"","alueet":[],"kasvilajit":[1435],"class_list":["post-15900","kasvit","type-kasvit","status-publish","has-post-thumbnail","hentry","kasvilajit-bergenia"],"_links":{"self":[{"href":"https:\/\/mustila.fi\/sv\/wp-json\/wp\/v2\/kasvit\/15900","targetHints":{"allow":["GET"]}}],"collection":[{"href":"https:\/\/mustila.fi\/sv\/wp-json\/wp\/v2\/kasvit"}],"about":[{"href":"https:\/\/mustila.fi\/sv\/wp-json\/wp\/v2\/types\/kasvit"}],"wp:featuredmedia":[{"embeddable":true,"href":"https:\/\/mustila.fi\/sv\/wp-json\/wp\/v2\/media\/7517"}],"wp:attachment":[{"href":"https:\/\/mustila.fi\/sv\/wp-json\/wp\/v2\/media?parent=15900"}],"wp:term":[{"taxonomy":"alueet","embeddable":true,"href":"https:\/\/mustila.fi\/sv\/wp-json\/wp\/v2\/alueet?post=15900"},{"taxonomy":"kasvilajit","embeddable":true,"href":"https:\/\/mustila.fi\/sv\/wp-json\/wp\/v2\/kasvilajit?post=15900"}],"curies":[{"name":"wp","href":"https:\/\/api.w.org\/{rel}","templated":true}]}}