{"id":15902,"date":"2023-08-10T06:40:26","date_gmt":"2023-08-10T06:40:26","guid":{"rendered":"https:\/\/mustila.fi\/kasvit\/valeriana_alliariifolia_helbladig_vanderot\/"},"modified":"2024-02-27T23:10:38","modified_gmt":"2024-02-27T23:10:38","slug":"valerianaalliariifolia","status":"publish","type":"kasvit","link":"https:\/\/mustila.fi\/sv\/plantor\/valerianaalliariifolia\/","title":{"rendered":"Valeriana alliariifolia &#8211; helbladig v&#xE4;nderot"},"content":{"rendered":"<article role=\"article\" class=\"node node-type-plant node-view-mode-full\">Den helbladiga v\u00e4nderotens blomning p\u00e5mnner om blomningen hos l\u00e4kev\u00e4nderot (<em>V. officinalis<\/em>) och fl\u00e4derv\u00e4nderot (<em>V<\/em>. <em>sambucifolia<\/em>) som f\u00f6rekommer hos oss i naturligt tillst\u00e5nd med sammansatta blommor. Den t\u00e4ta blomst\u00e4llningen inneh\u00e5ller sm\u00e5 ljusr\u00f6da eller n\u00e4stan vita blommor p\u00e5 h\u00f6gsommaren. Bladen hos de inhemska arterna av v\u00e4nderot \u00e4r parflikiga medan den helbladiga v\u00e4nderotens blad \u00e4r enhetliga och hj\u00e4rtformiga.<\/p>\n<p>De f\u00f6rtjusande blommorna, de styva skaften och vackra bladen g\u00f6r den helbladiga v\u00e4nderoten till en ypperlig perenn som l\u00e4tt kan kombineras med andra perenner. I Arboretum Mustila tycks den klara sig bra ocks\u00e5 i skogspartier i skuggan av de makedoniska tallarna (<em>Pinus peuce<\/em>).<\/p>\n<p>Valeriana \u00e4r ett ur\u00e5ldrigt l\u00e4kemedel som har anv\u00e4nts som s\u00f6mnmedicin och lugnande medel. Fortfarande utnyttjas vissa arter av v\u00e4nderot f\u00f6r framst\u00e4llning av l\u00e4kemedel. Den mest k\u00e4nda \u00e4r l\u00e4kev\u00e4nderot men ocks\u00e5 den helbladiga v\u00e4nderoten anv\u00e4nds. Valerianan utvinns ur roten.<\/p>\n<aside id=\"keywords\">\n<h2>Keywords<\/h2>\n<ul>\n<li class=\"ryhmittely\">Perennat<\/li>\n<li class=\"plants\"><a href=\"\" hreflang=\"und\">Valeriana<\/a><\/li>\n<li class=\"plants\"><a href=\"\" hreflang=\"und\">Valeriana alliariifolia<\/a><\/li>\n<li class=\"location\"><a href=\"https:\/\/mustila.fi\/alueet\/havuterassi\" hreflang=\"fi\">Havuterassi<\/a><\/li>\n<\/ul>\n<\/aside>\n<\/article>\n","protected":false},"featured_media":0,"template":"","alueet":[1016],"kasvilajit":[1441],"class_list":["post-15902","kasvit","type-kasvit","status-publish","hentry","alueet-havuterassi-sv","kasvilajit-valeriana"],"_links":{"self":[{"href":"https:\/\/mustila.fi\/sv\/wp-json\/wp\/v2\/kasvit\/15902","targetHints":{"allow":["GET"]}}],"collection":[{"href":"https:\/\/mustila.fi\/sv\/wp-json\/wp\/v2\/kasvit"}],"about":[{"href":"https:\/\/mustila.fi\/sv\/wp-json\/wp\/v2\/types\/kasvit"}],"wp:attachment":[{"href":"https:\/\/mustila.fi\/sv\/wp-json\/wp\/v2\/media?parent=15902"}],"wp:term":[{"taxonomy":"alueet","embeddable":true,"href":"https:\/\/mustila.fi\/sv\/wp-json\/wp\/v2\/alueet?post=15902"},{"taxonomy":"kasvilajit","embeddable":true,"href":"https:\/\/mustila.fi\/sv\/wp-json\/wp\/v2\/kasvilajit?post=15902"}],"curies":[{"name":"wp","href":"https:\/\/api.w.org\/{rel}","templated":true}]}}