{"id":15914,"date":"2023-08-10T06:40:26","date_gmt":"2023-08-10T06:40:26","guid":{"rendered":"https:\/\/mustila.fi\/kasvit\/hemerocallis_esculenta\/"},"modified":"2023-09-21T13:45:41","modified_gmt":"2023-09-21T13:45:41","slug":"hemerocallisesculenta","status":"publish","type":"kasvit","link":"https:\/\/mustila.fi\/sv\/plantor\/hemerocallisesculenta\/","title":{"rendered":"Hemerocallis esculenta"},"content":{"rendered":"<article role=\"article\" class=\"node node-type-plant node-view-mode-full\">Dagliljan<em> Hemerocallis esculenta<\/em> \u00e4r en perenn som beroende p\u00e5 sitt ursprung blommar antingen i juni eller juli. Den har gulorangef\u00e4rgade bommor, med svagt doftande trattformade blommor, och varje blomma blommar endast under en dag. Blomningstiden blir \u00e4nd\u00e5 l\u00e5ng eftersom nya blommor an efter spricker ut. <em>Esculenta <\/em>betyder \u00e4tlig, och dagliljor har i \u00f6ver 2000 \u00e5r odlats som gr\u00f6nsaker i Asien. Numera ses dagliljorna som prydnadsv\u00e4xter av vilka man utvecklar nya korsningar och former. F\u00e4rgskalan p\u00e5 blommorna \u00e4r vid och det f\u00f6rekommer varianter d\u00e4r tv\u00e5 och tre olika f\u00e4rger ing\u00e5r. Ocks\u00e5 skillnaderna i v\u00e4xts\u00e4tt, storlek och blomningstider varierar stort.<\/p>\n<p>D\u00e4r <em>esculentan <\/em>trivs bildar den en liten tuva fr\u00e5n vilken blomskaften utg\u00e5r till en h\u00f6jd av en meter. Arten kommer fr\u00e5n \u00f6stra Asien d\u00e4r den v\u00e4xer p\u00e5 \u00e4ngar i bergen och intill skogsgr\u00e4nsen och den blommar ocks\u00e5 i halvskugga.<\/p>\n<aside id=\"keywords\">\n<h2>Keywords<\/h2>\n<ul>\n<li class=\"ryhmittely\">Perennat<\/li>\n<li class=\"plants\"><a href=\"\" hreflang=\"und\">Hemerocallis<\/a><\/li>\n<li class=\"plants\"><a href=\"\" hreflang=\"und\">Hemerocallis esculenta<\/a><\/li>\n<\/ul>\n<\/aside>\n<\/article>\n","protected":false},"featured_media":6995,"template":"","alueet":[],"kasvilajit":[1450],"class_list":["post-15914","kasvit","type-kasvit","status-publish","has-post-thumbnail","hentry","kasvilajit-hemerocallis"],"_links":{"self":[{"href":"https:\/\/mustila.fi\/sv\/wp-json\/wp\/v2\/kasvit\/15914","targetHints":{"allow":["GET"]}}],"collection":[{"href":"https:\/\/mustila.fi\/sv\/wp-json\/wp\/v2\/kasvit"}],"about":[{"href":"https:\/\/mustila.fi\/sv\/wp-json\/wp\/v2\/types\/kasvit"}],"wp:featuredmedia":[{"embeddable":true,"href":"https:\/\/mustila.fi\/sv\/wp-json\/wp\/v2\/media\/6995"}],"wp:attachment":[{"href":"https:\/\/mustila.fi\/sv\/wp-json\/wp\/v2\/media?parent=15914"}],"wp:term":[{"taxonomy":"alueet","embeddable":true,"href":"https:\/\/mustila.fi\/sv\/wp-json\/wp\/v2\/alueet?post=15914"},{"taxonomy":"kasvilajit","embeddable":true,"href":"https:\/\/mustila.fi\/sv\/wp-json\/wp\/v2\/kasvilajit?post=15914"}],"curies":[{"name":"wp","href":"https:\/\/api.w.org\/{rel}","templated":true}]}}