{"id":15957,"date":"2023-08-10T06:40:39","date_gmt":"2023-08-10T06:40:39","guid":{"rendered":"https:\/\/mustila.fi\/kasvit\/fraxinus_excelsior_ask\/"},"modified":"2023-09-21T12:07:27","modified_gmt":"2023-09-21T12:07:27","slug":"fraxinusexcelsior","status":"publish","type":"kasvit","link":"https:\/\/mustila.fi\/sv\/plantor\/fraxinusexcelsior\/","title":{"rendered":"Fraxinus excelsior &#8211; ask"},"content":{"rendered":"<article role=\"article\" class=\"node node-type-plant node-view-mode-full\"><img decoding=\"async\" src=\"https:\/\/mustila.fi\/wp-content\/uploads\/2023\/08\/fraxinus_excelsior_siemen_jreinikainen.jpg\" alt=\"fraxinus_excelsior_siemen_jreinikainen.jpg\"><img decoding=\"async\" src=\"https:\/\/mustila.fi\/wp-content\/uploads\/2023\/08\/fraxinus_excelsior_runko_rilax_jreinikainen.jpg\" alt=\"fraxinus_excelsior_runko_rilax_jreinikainen.jpg\"><\/p>\n<p>Asken v\u00e4xer naturligt i S\u00f6dra Finland och \u00e4r det mest kr\u00e4vande \u00e4dla inhemska l\u00f6vtr\u00e4det i fr\u00e5ga om v\u00e4xtplats. Det utvecklas b\u00e4st p\u00e5 frodiga och mycket fuktiga sluttningar. Utbredningsomr\u00e5dets nordligaste f\u00f6rekomster \u00e4r fuktig \u00f6demark med r\u00f6rligt grundvatten. Lyckad odling finns till zon III, p\u00e5 skyddade platser \u00e4nnu nordligare, men vill man odla ask som parktr\u00e4d i Mellersta Finland m\u00e5ste man anv\u00e4nda h\u00e4rdigare amerikanska och asiatiska askarter.<\/p>\n<p>Av v\u00e5ra l\u00f6vtr\u00e4d \u00e4r det askens l\u00f6v som sist spricker ut och det tr\u00e4d som f\u00e4ller sina parst\u00e4llda l\u00f6v vid tiden f\u00f6r de f\u00f6rsta nattfrosterna. Fr\u00f6knippena h\u00e5lls p\u00e5 tr\u00e4det l\u00e5ngt in p\u00e5 vintern tills is och vind skakar loss dem. Askens r\u00e4tt ljusa ved \u00e4r h\u00e5rd och seg och d\u00e4rf\u00f6r popul\u00e4rt till exempel f\u00f6r redskap, sportutrustning, m\u00f6bler och parkett. Asken h\u00f6r till syrenv\u00e4xterna (<em>Oleaceae<\/em>), och dess blad och fr\u00f6n har anv\u00e4nts inom folkmedicinen f\u00f6r v\u00e5rd av allehanda \u00e5kommor. Askarna hamlades \u00e4ven om h\u00f6starna f\u00f6r att f\u00e5 mat till vintern \u00e5t boskapen, \u00e4nda till b\u00f6rjan av 1900-talet.<\/p>\n<p>De st\u00e5tligaste askarna p\u00e5 Mustila v\u00e4xer p\u00e5 P\u00e4hkin\u00e4rinnes (Hasselsluttningens) v\u00e4stra del. Askd\u00f6den som spridits i Europa kan \u00e4ven hota dessa tr\u00e4d; de har redan torra kvistar som v\u00e4cker bekymmer. Observationer av askd\u00f6den finns redan \u00e5tminstone i Sydv\u00e4stra Finland.<\/p>\n<aside id=\"keywords\">\n<h2>Keywords<\/h2>\n<ul>\n<li class=\"ryhmittely\">Lehtipuut ja -pensaat<\/li>\n<li class=\"plants\"><a href=\"\" hreflang=\"und\">Fraxinus<\/a><\/li>\n<li class=\"plants\"><a href=\"\" hreflang=\"und\">Fraxinus excelsior<\/a><\/li>\n<li class=\"location\"><a href=\"https:\/\/mustila.fi\/alueet\/atsalearinne\" hreflang=\"fi\">Atsalearinne<\/a><\/li>\n<li class=\"location\"><a href=\"https:\/\/mustila.fi\/alueet\/pahkinarinne\" hreflang=\"fi\">P\u00e4hkin\u00e4rinne<\/a><\/li>\n<\/ul>\n<\/aside>\n<\/article>\n","protected":false},"featured_media":7729,"template":"","alueet":[1013,1066],"kasvilajit":[1482,1096],"class_list":["post-15957","kasvit","type-kasvit","status-publish","has-post-thumbnail","hentry","alueet-atsalearinne-sv","alueet-phkinrinne-sv","kasvilajit-fraxinus","kasvilajit-lovtrad_och_buskar"],"_links":{"self":[{"href":"https:\/\/mustila.fi\/sv\/wp-json\/wp\/v2\/kasvit\/15957","targetHints":{"allow":["GET"]}}],"collection":[{"href":"https:\/\/mustila.fi\/sv\/wp-json\/wp\/v2\/kasvit"}],"about":[{"href":"https:\/\/mustila.fi\/sv\/wp-json\/wp\/v2\/types\/kasvit"}],"wp:featuredmedia":[{"embeddable":true,"href":"https:\/\/mustila.fi\/sv\/wp-json\/wp\/v2\/media\/7729"}],"wp:attachment":[{"href":"https:\/\/mustila.fi\/sv\/wp-json\/wp\/v2\/media?parent=15957"}],"wp:term":[{"taxonomy":"alueet","embeddable":true,"href":"https:\/\/mustila.fi\/sv\/wp-json\/wp\/v2\/alueet?post=15957"},{"taxonomy":"kasvilajit","embeddable":true,"href":"https:\/\/mustila.fi\/sv\/wp-json\/wp\/v2\/kasvilajit?post=15957"}],"curies":[{"name":"wp","href":"https:\/\/api.w.org\/{rel}","templated":true}]}}