{"id":15959,"date":"2023-08-10T06:40:39","date_gmt":"2023-08-10T06:40:39","guid":{"rendered":"https:\/\/mustila.fi\/kasvit\/taxus_media_hybrididegran\/"},"modified":"2023-09-21T20:35:40","modified_gmt":"2023-09-21T20:35:40","slug":"taxusmedia","status":"publish","type":"kasvit","link":"https:\/\/mustila.fi\/sv\/plantor\/taxusmedia\/","title":{"rendered":"Taxus &#xD7; media &#8211; hybrididegran"},"content":{"rendered":"<article role=\"article\" class=\"node node-type-plant node-view-mode-full\"><img decoding=\"async\" src=\"https:\/\/mustila.fi\/wp-content\/uploads\/2023\/08\/taxus_x_media_hedelmat_jsaarinen.jpg\" alt=\"taxus_x_media_hedelmat_jsaarinen.jpg\"><\/p>\n<p>Hybrididegranen \u00e4r en korsning mellan idegran (<em>Taxus baccata<\/em>) och japansk idegran (<em>Taxus cuspidata<\/em>). Den i Mellaneuropa popul\u00e4ra idegranen visade sig vara frostk\u00e4nslig i Nordamerika och korsades med den p\u00e5 1850 -talet i Fj\u00e4rran \u00f6stern p\u00e5tr\u00e4ffade h\u00e4rdiga Japanska idegranen av flere plantskolor i USA, Massachusetts i b\u00f6rjan av 1900 -talet.<\/p>\n<p>Hybrididegranen \u00e4r till sitt v\u00e4xts\u00e4tt bred, styv och buskformad. De djupt m\u00f6rkgr\u00f6na, p\u00e5 undersidan ljusare gr\u00f6na barren \u00e4r spetsiga och korta. Som sina f\u00f6r\u00e4ldrar \u00e4r den giftig. Den \u00e4r en tv\u00e5byggare, med klarr\u00f6da b\u00e4rkottar, fr\u00f6et syns genom den fyrkantiga \u00f6ppningen i hyllet, arillus.<\/p>\n<p>Hybrididegranen anv\u00e4nds som en prydnadsv\u00e4xt av vilken det finns ett otal till storleken, v\u00e4xts\u00e4ttet och f\u00e4rgs\u00e4ttningen olika sorter och som i likhet med andra idegranar t\u00e5l besk\u00e4rning. Hybrididegranen \u00e4r popul\u00e4r ocks\u00e5 i Finland och odlas allm\u00e4nt.<\/p>\n<aside id=\"keywords\">\n<h2>Keywords<\/h2>\n<ul>\n<li class=\"ryhmittely\">Havupuut<\/li>\n<li class=\"plants\"><a href=\"\" hreflang=\"und\">Taxus<\/a><\/li>\n<li class=\"plants\"><a href=\"\" hreflang=\"und\">Taxus media<\/a><\/li>\n<li class=\"plants\"><a href=\"\" hreflang=\"und\">Taxus \u00d7 media<\/a><\/li>\n<li class=\"location\"><a href=\"https:\/\/mustila.fi\/alueet\/atsalearinne\" hreflang=\"fi\">Atsalearinne<\/a><\/li>\n<li class=\"location\"><a href=\"https:\/\/mustila.fi\/alueet\/havuterassi\" hreflang=\"fi\">Havuterassi<\/a><\/li>\n<\/ul>\n<\/aside>\n<\/article>\n","protected":false},"featured_media":7739,"template":"","alueet":[1013,1016],"kasvilajit":[1087,1239],"class_list":["post-15959","kasvit","type-kasvit","status-publish","has-post-thumbnail","hentry","alueet-atsalearinne-sv","alueet-havuterassi-sv","kasvilajit-barrtrad","kasvilajit-taxus"],"_links":{"self":[{"href":"https:\/\/mustila.fi\/sv\/wp-json\/wp\/v2\/kasvit\/15959","targetHints":{"allow":["GET"]}}],"collection":[{"href":"https:\/\/mustila.fi\/sv\/wp-json\/wp\/v2\/kasvit"}],"about":[{"href":"https:\/\/mustila.fi\/sv\/wp-json\/wp\/v2\/types\/kasvit"}],"wp:featuredmedia":[{"embeddable":true,"href":"https:\/\/mustila.fi\/sv\/wp-json\/wp\/v2\/media\/7739"}],"wp:attachment":[{"href":"https:\/\/mustila.fi\/sv\/wp-json\/wp\/v2\/media?parent=15959"}],"wp:term":[{"taxonomy":"alueet","embeddable":true,"href":"https:\/\/mustila.fi\/sv\/wp-json\/wp\/v2\/alueet?post=15959"},{"taxonomy":"kasvilajit","embeddable":true,"href":"https:\/\/mustila.fi\/sv\/wp-json\/wp\/v2\/kasvilajit?post=15959"}],"curies":[{"name":"wp","href":"https:\/\/api.w.org\/{rel}","templated":true}]}}