{"id":15977,"date":"2023-08-10T06:40:43","date_gmt":"2023-08-10T06:40:43","guid":{"rendered":"https:\/\/mustila.fi\/kasvit\/rhododendron_oreodoxa_var_fargesii_rosenrododendron\/"},"modified":"2023-09-22T17:51:10","modified_gmt":"2023-09-22T17:51:10","slug":"rhododendronoreodoxafargesii","status":"publish","type":"kasvit","link":"https:\/\/mustila.fi\/sv\/plantor\/rhododendronoreodoxafargesii\/","title":{"rendered":"Rhododendron oreodoxa var. fargesii &#8211; rosenrododendron"},"content":{"rendered":"<article role=\"article\" class=\"node node-type-plant node-view-mode-full\"><img decoding=\"async\" src=\"https:\/\/mustila.fi\/wp-content\/uploads\/2023\/08\/rhododenron_oreodoxa_fargesii_ojussila.jpg\" alt=\"rhododenron_oreodoxa_fargesii_ojussila.jpg\"><img decoding=\"async\" src=\"https:\/\/mustila.fi\/wp-content\/uploads\/2023\/08\/rhododendron_oreodoxa_fargesii_uudet_versot_kristiantheqvist.jpg\" alt=\"rhododendron_oreodoxa_fargesii_uudet_versot_kristiantheqvist.jpg\"><\/p>\n<p>Rosenrododendron \u00e4r uppkallad efter den franska mission\u00e4ren och v\u00e4xtsamlaren Paul Farges. Han samlade in v\u00e4xter \u00e5ren 1892-1903 i Kina och hittade flere i v\u00e4st tidigare ok\u00e4nda v\u00e4xtarter i de nord\u00f6stra delarna av Sichuan.<\/p>\n<p>V\u00e4xts\u00e4ttet hos rosenrododendron \u00e4r stamformigt. V\u00e4xten utvecklar en naturlig rak stam med ett f\u00e5tal grenar och bildar sin bladkrona f\u00f6rst p\u00e5 n\u00e5gra meters h\u00f6jd. De sm\u00e5, avl\u00e5nga, bl\u00e5gr\u00f6na bladen rullar ihop sig vid kyla och torka f\u00f6r att f\u00f6rhindra avdunstning. D\u00e4rf\u00f6r klarar rosenrododendron ocks\u00e5 v\u00e5rt klimat. I sina hemtrakter har den anpassat sig efter inlandsklimatets klart avgr\u00e4nsade v\u00e4xlingar av \u00e5rstid och inleder d\u00e4rf\u00f6r ofta sin tillv\u00e4xt f\u00f6r tidigt hos oss, vilket kan medf\u00f6ra att v\u00e5rfrosten skadar blomknopparna som \u00f6ppnar sig i m\u00e5nadsskiftet april-maj.<\/p>\n<p>Rosenrododendron inleder sin v\u00e4xtperiod tidigt och \u00e4r d\u00e4rf\u00f6r betj\u00e4nt av svala och skuggiga v\u00e4xtplatser under skyddande tr\u00e4d. Sedan slutet av 1900 -talet har man planterat rosenrododendron av olika ursprung med varierande framg\u00e5ng p\u00e5 Arboretum Mustila.<\/p>\n<aside id=\"keywords\">\n<h2>Keywords<\/h2>\n<ul>\n<li class=\"ryhmittely\">Lehtipuut ja -pensaat<\/li>\n<li class=\"plants\"><a href=\"\" hreflang=\"und\">Rhododendron<\/a><\/li>\n<li class=\"plants\"><a href=\"\" hreflang=\"und\">Rhododendron oreodoxa<\/a><\/li>\n<li class=\"plants\"><a href=\"\" hreflang=\"und\">Rhododendron oreodoxa var. fargesii<\/a><\/li>\n<\/ul>\n<\/aside>\n<\/article>\n","protected":false},"featured_media":7810,"template":"","alueet":[],"kasvilajit":[2064,76,1150],"class_list":["post-15977","kasvit","type-kasvit","status-publish","has-post-thumbnail","hentry","kasvilajit-alppiruusulajit-sv","kasvilajit-rhododendron"],"_links":{"self":[{"href":"https:\/\/mustila.fi\/sv\/wp-json\/wp\/v2\/kasvit\/15977","targetHints":{"allow":["GET"]}}],"collection":[{"href":"https:\/\/mustila.fi\/sv\/wp-json\/wp\/v2\/kasvit"}],"about":[{"href":"https:\/\/mustila.fi\/sv\/wp-json\/wp\/v2\/types\/kasvit"}],"wp:featuredmedia":[{"embeddable":true,"href":"https:\/\/mustila.fi\/sv\/wp-json\/wp\/v2\/media\/7810"}],"wp:attachment":[{"href":"https:\/\/mustila.fi\/sv\/wp-json\/wp\/v2\/media?parent=15977"}],"wp:term":[{"taxonomy":"alueet","embeddable":true,"href":"https:\/\/mustila.fi\/sv\/wp-json\/wp\/v2\/alueet?post=15977"},{"taxonomy":"kasvilajit","embeddable":true,"href":"https:\/\/mustila.fi\/sv\/wp-json\/wp\/v2\/kasvilajit?post=15977"}],"curies":[{"name":"wp","href":"https:\/\/api.w.org\/{rel}","templated":true}]}}