{"id":16089,"date":"2023-08-10T06:41:05","date_gmt":"2023-08-10T06:41:05","guid":{"rendered":"https:\/\/mustila.fi\/kasvit\/rhododendron_seidel_gruppen\/"},"modified":"2023-09-25T10:06:15","modified_gmt":"2023-09-25T10:06:15","slug":"rhododendronseidel","status":"publish","type":"kasvit","link":"https:\/\/mustila.fi\/sv\/plantor\/rhododendronseidel\/","title":{"rendered":"Rhododendron Seidel-gruppen"},"content":{"rendered":"<article role=\"article\" class=\"node node-type-plant node-view-mode-full\"><img decoding=\"async\" src=\"https:\/\/mustila.fi\/wp-content\/uploads\/2023\/08\/rhododendron_seidel_13_kukinta_jsaarinen.jpg\" alt=\"rhododendron_seidel_13_kukinta_jsaarinen.jpg\"><\/p>\n<p>Med Seidelhybrider avses av T. J. Rud Seidel Rhododendronkulturen i syd\u00f6stra Tyskland f\u00f6r\u00e4dlade sorter av alpros med rykte av god vinterh\u00e4rdighet. De har l\u00e4nge varit av intresse f\u00f6r anv\u00e4ndare i de str\u00e4ngaste klimaten ocks\u00e5 om Seidels alproseodling till en b\u00f6rjan koncentrerade sig p\u00e5 vinterg\u00f6na nytto- och krukalprosor utan s\u00e4rskilda krav p\u00e5 vinterh\u00e4rdighet.<\/p>\n<p>De f\u00f6rsta korsningarna utf\u00f6rdes av Seidels plantskoleodlingar i Gr\u00fcngr\u00e4bchen n\u00e4ra Dresden \u00e5r 1891, men sorterna sl\u00e4pptes ut i handeln f\u00f6rst efter f\u00f6rs\u00f6ksodlingar \u00e5r 1906. Plantskolan fanns p\u00e5 en ort med kallt klimat och vintern \u00e5ren 1899-1900 var synnerligen str\u00e4ng med temperaturer kring -33 C. St\u00f6rsta delen av de alprosor som inte skyddades av sn\u00f6 dog bort och av 114 sorter \u00e5terstod de 14 mest h\u00e4rdiga sorterna. Det h\u00e4r f\u00f6rklarar i viss m\u00e5n varf\u00f6r Seidelhybriderna \u00e4r h\u00e4rdiga, plus det faktum att man i korsningarna anv\u00e4nde sig av arter k\u00e4nda f\u00f6r sin vinterh\u00e4rdighet (<em>R. catawbiense<\/em>, <em>R. caucasicum<\/em>, <em>R. metternichii<\/em> och <em>R. smirnowii<\/em>).<\/p>\n<p>Seidelhybrider anskaffades och planterades p\u00e5 Arboretum Mustila p\u00e5 1920 och 1930 -talen. Man antecknade inte sortnamnen vilket s\u00e5 tillvida \u00e4r irriterande att flere av dem fortfarande \u00e4r vid liv. N\u00e4r de blommar med sina stora ofta violetta blommor f\u00f6ljer en st\u00f6rtsj\u00f6 av fr\u00e5gor som till st\u00f6rsta delen f\u00f6rblir obesvarade. Flere sorter hos Seidel \u00e4r mycket lika varandra och sv\u00e5ra att identifiera.<\/p>\n<p>Seidelhybrider anv\u00e4ndes som f\u00f6r\u00e4ldraplantor vid korsningarna av inhemska alprosor i f\u00f6r\u00e4dlingsprojektet som inleddes 1973, men resultatet motsvarade inte f\u00f6rv\u00e4ntningarna eftersom flere av moderplantornas goda egenskaper f\u00f6rlorades. Av de namngivna sorterna h\u00e4rstammar endast &#8217;Hellikki&#8217; och &#8217;Unelma&#8217; direkt fr\u00e5n en r\u00f6dblommig Seidelhybrid. Av de existerande Seidelhybriderna skulle de b\u00e4sta exemplaren klara sig i s\u00f6dra Finland. Dessv\u00e4rre har de f\u00f6rsvunnit ur alproseodlarnas kataloger fr\u00e5nsett enstaka undantag p\u00e5 bekostnad av nyare och mera exotiska sorter. B\u00e4st hittar man dem i gamla samlingar.<\/p>\n<aside id=\"keywords\">\n<h2>Keywords<\/h2>\n<ul>\n<li class=\"ryhmittely\">Lehtipuut ja -pensaat<\/li>\n<li class=\"plants\"><a href=\"\" hreflang=\"und\">Rhododendron<\/a><\/li>\n<li class=\"plants\"><a href=\"\" hreflang=\"und\">Rhododendron Seidel-ryhm\u00e4<\/a><\/li>\n<li class=\"location\"><a href=\"https:\/\/mustila.fi\/alueet\/alppiruusulaakso\" hreflang=\"fi\">Alppiruusulaakso<\/a><\/li>\n<\/ul>\n<\/aside>\n<\/article>\n","protected":false},"featured_media":8242,"template":"","alueet":[1007],"kasvilajit":[1151,949,1924],"class_list":["post-16089","kasvit","type-kasvit","status-publish","has-post-thumbnail","hentry","alueet-alppiruusulaakso-sv","kasvilajit-rhododendron","kasvilajit-alppiruusut","kasvilajit-alppiruusut-2"],"_links":{"self":[{"href":"https:\/\/mustila.fi\/sv\/wp-json\/wp\/v2\/kasvit\/16089","targetHints":{"allow":["GET"]}}],"collection":[{"href":"https:\/\/mustila.fi\/sv\/wp-json\/wp\/v2\/kasvit"}],"about":[{"href":"https:\/\/mustila.fi\/sv\/wp-json\/wp\/v2\/types\/kasvit"}],"wp:featuredmedia":[{"embeddable":true,"href":"https:\/\/mustila.fi\/sv\/wp-json\/wp\/v2\/media\/8242"}],"wp:attachment":[{"href":"https:\/\/mustila.fi\/sv\/wp-json\/wp\/v2\/media?parent=16089"}],"wp:term":[{"taxonomy":"alueet","embeddable":true,"href":"https:\/\/mustila.fi\/sv\/wp-json\/wp\/v2\/alueet?post=16089"},{"taxonomy":"kasvilajit","embeddable":true,"href":"https:\/\/mustila.fi\/sv\/wp-json\/wp\/v2\/kasvilajit?post=16089"}],"curies":[{"name":"wp","href":"https:\/\/api.w.org\/{rel}","templated":true}]}}