{"id":16121,"date":"2023-08-10T06:41:14","date_gmt":"2023-08-10T06:41:14","guid":{"rendered":"https:\/\/mustila.fi\/kasvit\/carpinus_betulus_avenbok\/"},"modified":"2023-09-21T16:56:58","modified_gmt":"2023-09-21T16:56:58","slug":"carpinusbetulus","status":"publish","type":"kasvit","link":"https:\/\/mustila.fi\/sv\/plantor\/carpinusbetulus\/","title":{"rendered":"Carpinus betulus &#8211; avenbok"},"content":{"rendered":"<article role=\"article\" class=\"node node-type-plant node-view-mode-full\"><img decoding=\"async\" src=\"https:\/\/mustila.fi\/wp-content\/uploads\/2023\/08\/carpinus_betulus_siemenet_jsaarinen.jpg\" alt=\"carpinus_betulus_siemenet_jsaarinen.jpg\"><\/p>\n<p>Avenbokarna h\u00f6r till familjen <em>Betulaceae<\/em>. Avenboken \u00e4r inte, trots namnet, n\u00e4ra sl\u00e4kt med bokarna, utan till de n\u00e4ra sl\u00e4ktingarna r\u00e4knas till exempel hasseln <em>Corylus avellana <\/em>som v\u00e4xer naturligt hos oss. Avenboken v\u00e4xer typiskt i Mellaneuropas l\u00f6vskogar, och dess naturliga utbredningsomr\u00e5de str\u00e4cker sig i norr till s\u00f6dra Sverige och Lettland. Av pollenfossilerna att d\u00f6ma har man kunnat sluta sig till att under den varma klimatperioden efter istiden har det vuxit avenbok \u00e4ven i Finland, \u00e5tminstone p\u00e5 \u00c5land.<\/p>\n<p>Avenboken \u00e4r ett st\u00e5tligt snabbv\u00e4xande tr\u00e4d med vackert formad yvig krona och intressant, knotig stam som har sl\u00e4t gr\u00e5 bark. Om h\u00f6sten pryds tr\u00e4det av n\u00f6th\u00e4ngen vars vingf\u00f6rsedda n\u00f6tter h\u00e4nger kvar l\u00e5ngt inp\u00e5 vintern. Under varma h\u00f6star f\u00e5r tr\u00e4det en fin varmgul h\u00f6stf\u00e4rg. Kommer k\u00f6lden tidigt torkar l\u00f6ven p\u00e5 tr\u00e4det och h\u00e5lls kvar under hela vintern. Tr\u00e4det lider inte av detta.<\/p>\n<p>Avenbokarnas vinterh\u00e4rdighet varierar. Vanligen fryser de under speciellt kalla vintrar till och med vid v\u00e5r sydkust, men p\u00e5 Mustila har avenbokarna av \u00f6stpreussiskt ursprung klarat \u00e4ven kalla vintrar med minimala skador.<\/p>\n<aside id=\"keywords\">\n<h2>Keywords<\/h2>\n<ul>\n<li class=\"ryhmittely\">Lehtipuut ja -pensaat<\/li>\n<li class=\"plants\"><a href=\"\" hreflang=\"und\">Carpinus<\/a><\/li>\n<li class=\"plants\"><a href=\"\" hreflang=\"und\">Carpinus betulus<\/a><\/li>\n<li class=\"location\"><a href=\"https:\/\/mustila.fi\/alueet\/etelarinne\" hreflang=\"fi\">Etel\u00e4rinne<\/a><\/li>\n<\/ul>\n<\/aside>\n<\/article>\n","protected":false},"featured_media":8349,"template":"","alueet":[1060],"kasvilajit":[1462,1096],"class_list":["post-16121","kasvit","type-kasvit","status-publish","has-post-thumbnail","hentry","alueet-etelrinne-sv","kasvilajit-carpinus","kasvilajit-lovtrad_och_buskar"],"_links":{"self":[{"href":"https:\/\/mustila.fi\/sv\/wp-json\/wp\/v2\/kasvit\/16121","targetHints":{"allow":["GET"]}}],"collection":[{"href":"https:\/\/mustila.fi\/sv\/wp-json\/wp\/v2\/kasvit"}],"about":[{"href":"https:\/\/mustila.fi\/sv\/wp-json\/wp\/v2\/types\/kasvit"}],"wp:featuredmedia":[{"embeddable":true,"href":"https:\/\/mustila.fi\/sv\/wp-json\/wp\/v2\/media\/8349"}],"wp:attachment":[{"href":"https:\/\/mustila.fi\/sv\/wp-json\/wp\/v2\/media?parent=16121"}],"wp:term":[{"taxonomy":"alueet","embeddable":true,"href":"https:\/\/mustila.fi\/sv\/wp-json\/wp\/v2\/alueet?post=16121"},{"taxonomy":"kasvilajit","embeddable":true,"href":"https:\/\/mustila.fi\/sv\/wp-json\/wp\/v2\/kasvilajit?post=16121"}],"curies":[{"name":"wp","href":"https:\/\/api.w.org\/{rel}","templated":true}]}}