{"id":16129,"date":"2023-08-10T06:41:14","date_gmt":"2023-08-10T06:41:14","guid":{"rendered":"https:\/\/mustila.fi\/kasvit\/campanula_latifolia_hassleklocka\/"},"modified":"2023-09-21T15:24:27","modified_gmt":"2023-09-21T15:24:27","slug":"campanulalatifolia","status":"publish","type":"kasvit","link":"https:\/\/mustila.fi\/sv\/plantor\/campanulalatifolia\/","title":{"rendered":"Campanula latifolia &#8211; h&#xE4;ssleklocka"},"content":{"rendered":"<article role=\"article\" class=\"node node-type-plant node-view-mode-full\"><img decoding=\"async\" src=\"https:\/\/mustila.fi\/wp-content\/uploads\/2023\/08\/campanula_latifolia_ssimovaara.jpg\" alt=\"Campanula latifolia \u00a9 Susanna\"><\/p>\n<p>H\u00e4ssleklocka, den st\u00f6rsta av klockv\u00e4xterna, passar bra i en skogspark. Den v\u00e4xer inte lika h\u00f6g som i en g\u00f6dslad perennrabatt och h\u00e5lls d\u00e4rf\u00f6r ocks\u00e5 b\u00e4ttre st\u00e5ende. H\u00e4ssleklockan blommar i juni och i skogsparkens halvskugga varar blomningen l\u00e4ngre. I Mustila v\u00e4xer det rikligt med h\u00e4ssleklockor i den v\u00e4stra \u00e4ndan av Etel\u00e4rinne (Sydsluttningen).<\/p>\n<p>En h\u00e4ssleklocka som v\u00e4xer i en perennrabatt blir \u00f6ver en meter h\u00f6g. Om det under h\u00f6gsommaren d\u00e5 h\u00e4ssleklockan blommar kommer en regnskur, blir st\u00e4nglarna s\u00e5 tunga att de stj\u00e4lper om de inte har st\u00f6d. Vanligtvis \u00e4r blommorna violetta med skiftning mot bl\u00e5tt, vitblommande ser man inte s\u00e5 ofta.<\/p>\n<p>H\u00e4ssleklockan bildar under \u00e5rens lopp ett kraftigt best\u00e5nd d\u00e5 det i de tjocka, vita r\u00f6tterna samlas rikligt med reservn\u00e4ring. Den sprider sig ocks\u00e5 med fr\u00f6n, \u00e4nd\u00e5 inte ogr\u00e4saktigt, fast det finns massor med sm\u00e5 fr\u00f6n i fr\u00f6st\u00e4llningen.<\/p>\n<aside id=\"keywords\">\n<h2>Keywords<\/h2>\n<ul>\n<li class=\"ryhmittely\">Perennat<\/li>\n<li class=\"plants\"><a href=\"\" hreflang=\"und\">Campanula<\/a><\/li>\n<li class=\"plants\"><a href=\"\" hreflang=\"und\">Campanula latifolia<\/a><\/li>\n<li class=\"location\"><a href=\"https:\/\/mustila.fi\/alueet\/etelarinne\" hreflang=\"fi\">Etel\u00e4rinne<\/a><\/li>\n<\/ul>\n<\/aside>\n<\/article>\n","protected":false},"featured_media":8381,"template":"","alueet":[1060],"kasvilajit":[1700],"class_list":["post-16129","kasvit","type-kasvit","status-publish","has-post-thumbnail","hentry","alueet-etelrinne-sv","kasvilajit-campanula"],"_links":{"self":[{"href":"https:\/\/mustila.fi\/sv\/wp-json\/wp\/v2\/kasvit\/16129","targetHints":{"allow":["GET"]}}],"collection":[{"href":"https:\/\/mustila.fi\/sv\/wp-json\/wp\/v2\/kasvit"}],"about":[{"href":"https:\/\/mustila.fi\/sv\/wp-json\/wp\/v2\/types\/kasvit"}],"wp:featuredmedia":[{"embeddable":true,"href":"https:\/\/mustila.fi\/sv\/wp-json\/wp\/v2\/media\/8381"}],"wp:attachment":[{"href":"https:\/\/mustila.fi\/sv\/wp-json\/wp\/v2\/media?parent=16129"}],"wp:term":[{"taxonomy":"alueet","embeddable":true,"href":"https:\/\/mustila.fi\/sv\/wp-json\/wp\/v2\/alueet?post=16129"},{"taxonomy":"kasvilajit","embeddable":true,"href":"https:\/\/mustila.fi\/sv\/wp-json\/wp\/v2\/kasvilajit?post=16129"}],"curies":[{"name":"wp","href":"https:\/\/api.w.org\/{rel}","templated":true}]}}