{"id":16141,"date":"2023-08-10T06:41:19","date_gmt":"2023-08-10T06:41:19","guid":{"rendered":"https:\/\/mustila.fi\/kasvit\/thalictrum_rochebruneanum_skuggviolruta\/"},"modified":"2023-09-26T18:53:18","modified_gmt":"2023-09-26T18:53:18","slug":"thalictrumrochebruneanum","status":"publish","type":"kasvit","link":"https:\/\/mustila.fi\/sv\/plantor\/thalictrumrochebruneanum\/","title":{"rendered":"Thalictrum rochebruneanum &#8211; skuggviolruta"},"content":{"rendered":"<article role=\"article\" class=\"node node-type-plant node-view-mode-full\"><img decoding=\"async\" src=\"https:\/\/mustila.fi\/wp-content\/uploads\/2023\/08\/thalictrum_rochebrunianum_kristiantheqvist.jpg\" alt=\"thalictrum_rochebrunianum_kristiantheqvist.jpg\"><\/p>\n<p>Det stora sl\u00e4ktet ruta (<em>Thalictrum<\/em>)  inneh\u00e5ller flere perenner v\u00e4rda att odla. En av de b\u00e4sta \u00e4r skuggviolruta. Den \u00e4r uppseendev\u00e4ckande genast om v\u00e5ren n\u00e4r de vinr\u00f6da skotten h\u00f6jer sina bl\u00e5gr\u00f6na skira blad i vackra niv\u00e5er i halvskuggiga skogsgl\u00e4ntor.<\/p>\n<p>Blommorna sl\u00e5r ut f\u00f6rst i augusti och ser ut som flygande \u00e4lvor h\u00e4ngande i skira solfj\u00e4drar. Blommorna \u00e4r lilaf\u00e4rgade ca 2 cm breda och mitt i blomman sitter ett knippe gula st\u00e5ndare. Blomningen p\u00e5g\u00e5r r\u00e4tt l\u00e4nge, eftersom de p\u00e4rlformade knopparnas antal \u00e4r stort. I Arboretum Mustila klarar sig skuggviolrutan bra, ocks\u00e5 om den p\u00e5 skuggigare platser kan beh\u00f6va st\u00f6d av sina grannar. Blomningen kans ses p\u00e5 avst\u00e5nd och \u00e4r v\u00e4lkommen under den f\u00f6r \u00f6vrigt sparsamt blommande sensommaren. V\u00e4xten utvecklar en m\u00e4ngd fr\u00f6er men i \u00f6ppna l\u00e4gen tycks inte fr\u00f6plantor utvecklas. D\u00e4rf\u00f6r m\u00e5ste man uttryckligen fr\u00f6s\u00e5 dem.<\/p>\n<aside id=\"keywords\">\n<h2>Keywords<\/h2>\n<ul>\n<li class=\"ryhmittely\">Perennat<\/li>\n<li class=\"plants\"><a href=\"\" hreflang=\"und\">Thalictrum rochebrueanum<\/a><\/li>\n<li class=\"plants\"><a href=\"\" hreflang=\"und\">Thlictrum<\/a><\/li>\n<li class=\"location\"><a href=\"https:\/\/mustila.fi\/alueet\/alppiruusulaakso\" hreflang=\"fi\">Alppiruusulaakso<\/a><\/li>\n<\/ul>\n<\/aside>\n<\/article>\n","protected":false},"featured_media":8433,"template":"","alueet":[1007],"kasvilajit":[990,1938],"class_list":["post-16141","kasvit","type-kasvit","status-publish","has-post-thumbnail","hentry","alueet-alppiruusulaakso-sv","kasvilajit-ruohovartiset","kasvilajit-thalictrum-ruohovartiset"],"_links":{"self":[{"href":"https:\/\/mustila.fi\/sv\/wp-json\/wp\/v2\/kasvit\/16141","targetHints":{"allow":["GET"]}}],"collection":[{"href":"https:\/\/mustila.fi\/sv\/wp-json\/wp\/v2\/kasvit"}],"about":[{"href":"https:\/\/mustila.fi\/sv\/wp-json\/wp\/v2\/types\/kasvit"}],"wp:featuredmedia":[{"embeddable":true,"href":"https:\/\/mustila.fi\/sv\/wp-json\/wp\/v2\/media\/8433"}],"wp:attachment":[{"href":"https:\/\/mustila.fi\/sv\/wp-json\/wp\/v2\/media?parent=16141"}],"wp:term":[{"taxonomy":"alueet","embeddable":true,"href":"https:\/\/mustila.fi\/sv\/wp-json\/wp\/v2\/alueet?post=16141"},{"taxonomy":"kasvilajit","embeddable":true,"href":"https:\/\/mustila.fi\/sv\/wp-json\/wp\/v2\/kasvilajit?post=16141"}],"curies":[{"name":"wp","href":"https:\/\/api.w.org\/{rel}","templated":true}]}}