{"id":16160,"date":"2023-08-10T06:41:23","date_gmt":"2023-08-10T06:41:23","guid":{"rendered":"https:\/\/mustila.fi\/kasvit\/prunus_maackii_naverhagg\/"},"modified":"2023-09-21T14:55:09","modified_gmt":"2023-09-21T14:55:09","slug":"prunusmaackii","status":"publish","type":"kasvit","link":"https:\/\/mustila.fi\/sv\/plantor\/prunusmaackii\/","title":{"rendered":"Prunus maackii &#8211; n&#xE4;verh&#xE4;gg"},"content":{"rendered":"<article role=\"article\" class=\"node node-type-plant node-view-mode-full\"><img decoding=\"async\" src=\"https:\/\/mustila.fi\/wp-content\/uploads\/2023\/08\/prunus_maackii_runko_jreinikainen.jpg\" alt=\"prunus_maackii_runko_jreinikainen.jpg\"><\/p>\n<p>N\u00e4verh\u00e4ggen kan inte m\u00e4ta sig med h\u00e4ggen n\u00e4r det g\u00e4ller blomning men den v\u00e4cker \u00e4nd\u00e5 uppm\u00e4rksamhet genom sin vackra bark p\u00e5 stam och grenverk. Barken \u00e4r vackert gult kopparf\u00e4rgad och gl\u00e4nsande och den lossnar i stora flagor. Tr\u00e4det v\u00e4xer snabbt, det har varken rotskott eller tornar, det \u00e4r litet, men f\u00e5r en bred bladkrona n\u00e4r det \u00e5ldras. Som flere andra arter av sl\u00e4ktet <em>Prunus <\/em>utvecklar n\u00e4verh\u00e4ggen sidogrenar som utg\u00e5r fr\u00e5n samma st\u00e4lle i stammen, vilket g\u00f6r att grenarna l\u00e4tt bryts av i stormvindar eller av sn\u00f6massor. \u00c5 andra sidan ger en snedvriden tr\u00e4ruin ett skulpturalt intryck l\u00e5ngt efter det att tr\u00e4det har passerat sin ungdoms blomstring. H\u00f6stf\u00e4rgen \u00e4r vackert gul och bladen f\u00e4lls tidigt.<\/p>\n<p>N\u00e4verh\u00e4ggen f\u00f6rekom tidigare endast i samlingar i Finland tills den b\u00f6rjade odlas i b\u00f6rjan av 1970 -talet. Tr\u00e4det planterades p\u00e5 Arboretum Mustila redan p\u00e5 1910 -talet och stammen hos det st\u00f6rsta exemplaret var 1959 \u00f6ver 30 cm i diameter. I v\u00e5ra dagar f\u00f6rekommer flere tr\u00e4d med olika genetiskt ursprung som skiljer sig fr\u00e5n varandra bla genom stammens f\u00e4rger.<\/p>\n<p>Ryssen Mitsurin korsade n\u00e4verh\u00e4gg med surk\u00f6rsb\u00e4r (<em>P. cerasus<\/em>). Frukterna blev inte lika stora som hos f\u00f6r\u00e4ldrarna.<\/p>\n<aside id=\"keywords\">\n<h2>Keywords<\/h2>\n<ul>\n<li class=\"ryhmittely\">Lehtipuut ja -pensaat<\/li>\n<li class=\"plants\"><a href=\"\" hreflang=\"und\">Prunus<\/a><\/li>\n<li class=\"plants\"><a href=\"\" hreflang=\"und\">Prunus maackii<\/a><\/li>\n<li class=\"location\"><a href=\"https:\/\/mustila.fi\/alueet\/lammastarha\" hreflang=\"fi\">Lammastarha<\/a><\/li>\n<\/ul>\n<\/aside>\n<\/article>\n","protected":false},"featured_media":8490,"template":"","alueet":[27,1057],"kasvilajit":[1579,1096,1215],"class_list":["post-16160","kasvit","type-kasvit","status-publish","has-post-thumbnail","hentry","alueet-lammastarha","alueet-nikkarinmki-sv","kasvilajit-cerasus-mahaleb","kasvilajit-lovtrad_och_buskar","kasvilajit-prunus"],"_links":{"self":[{"href":"https:\/\/mustila.fi\/sv\/wp-json\/wp\/v2\/kasvit\/16160","targetHints":{"allow":["GET"]}}],"collection":[{"href":"https:\/\/mustila.fi\/sv\/wp-json\/wp\/v2\/kasvit"}],"about":[{"href":"https:\/\/mustila.fi\/sv\/wp-json\/wp\/v2\/types\/kasvit"}],"wp:featuredmedia":[{"embeddable":true,"href":"https:\/\/mustila.fi\/sv\/wp-json\/wp\/v2\/media\/8490"}],"wp:attachment":[{"href":"https:\/\/mustila.fi\/sv\/wp-json\/wp\/v2\/media?parent=16160"}],"wp:term":[{"taxonomy":"alueet","embeddable":true,"href":"https:\/\/mustila.fi\/sv\/wp-json\/wp\/v2\/alueet?post=16160"},{"taxonomy":"kasvilajit","embeddable":true,"href":"https:\/\/mustila.fi\/sv\/wp-json\/wp\/v2\/kasvilajit?post=16160"}],"curies":[{"name":"wp","href":"https:\/\/api.w.org\/{rel}","templated":true}]}}