{"id":16164,"date":"2023-08-10T06:41:23","date_gmt":"2023-08-10T06:41:23","guid":{"rendered":"https:\/\/mustila.fi\/kasvit\/leucojum_vernum_snoklocka\/"},"modified":"2023-09-20T16:43:39","modified_gmt":"2023-09-20T16:43:39","slug":"leucojumvernum","status":"publish","type":"kasvit","link":"https:\/\/mustila.fi\/sv\/plantor\/leucojumvernum\/","title":{"rendered":"Leucojum vernum &#8211; sn&#xF6;klocka"},"content":{"rendered":"<article role=\"article\" class=\"node node-type-plant node-view-mode-full\"><img decoding=\"async\" src=\"https:\/\/mustila.fi\/wp-content\/uploads\/2023\/08\/leucojum_vernum_kristiantheqvist.jpg\" alt=\"leucojum_vernum_kristiantheqvist.jpg\"><img decoding=\"async\" src=\"https:\/\/mustila.fi\/wp-content\/uploads\/2023\/08\/leucojum_vernum_yleiskuva.jpg\" alt=\"leucojum_vernum_yleiskuva.jpg\"><\/p>\n<p>Sn\u00f6klockan \u00e4r en v\u00e5rlig l\u00f6kv\u00e4xt som p\u00e5minner om sn\u00f6dropparna (<em>Galanthus<\/em>) men har ett kraftigare v\u00e4xts\u00e4tt \u00e4n dessa. Den blommar tidigt p\u00e5 v\u00e5ren genast d\u00e5 sn\u00f6n sm\u00e4lt, eller till och med genom de sm\u00e4ltande drivorna, med klocklika, svagt doftande, vita blommor som i \u00e4ndan av kronbladen har gula <em>(L. vernum<\/em> var. <em>carpathicum<\/em>) eller gr\u00f6na (<em>L. vernum<\/em> var. <em>vernum<\/em>) fl\u00e4ckar.<\/p>\n<p>Sn\u00f6klockan kan vara sv\u00e5r att f\u00e5 att trivas i tr\u00e4dg\u00e5rden, men n\u00e4r man hittat \u00e5t den en l\u00e4mplig plats bildar den en stor tuva och b\u00f6rjar sm\u00e5ningom sprida sig. I Mustila blommar stora best\u00e5nd av sn\u00f6klockor bland annat mellan Juhlapaikka (Festplatsen) och Etel\u00e4rinne (Sydsluttningen), under l\u00e4rktr\u00e4den och utmed b\u00e4cken. De trivs \u00e4ven i Alppiruusulaakso (Rhododendrondalen). De v\u00e4xer tydligen helst p\u00e5 st\u00e4llen med tillr\u00e4cklig fukt om v\u00e5ren men som torkar upp p\u00e5 sommaren. L\u00f6karna klarar inte av l\u00e5ng lagring och b\u00f6r d\u00e4rf\u00f6r planteras tidigt p\u00e5 h\u00f6sten.<\/p>\n<aside id=\"keywords\">\n<h2>Keywords<\/h2>\n<ul>\n<li class=\"ryhmittely\">Perennat<\/li>\n<li class=\"plants\"><a href=\"\" hreflang=\"und\">Leucojum<\/a><\/li>\n<li class=\"plants\"><a href=\"\" hreflang=\"und\">Leucojum vernum<\/a><\/li>\n<li class=\"location\"><a href=\"https:\/\/mustila.fi\/alueet\/alppiruusulaakso\" hreflang=\"fi\">Alppiruusulaakso<\/a><\/li>\n<li class=\"location\"><a href=\"https:\/\/mustila.fi\/alueet\/etelarinne\" hreflang=\"fi\">Etel\u00e4rinne<\/a><\/li>\n<li class=\"location\"><a href=\"https:\/\/mustila.fi\/alueet\/juhlapaikka\" hreflang=\"fi\">Juhlapaikka<\/a><\/li>\n<\/ul>\n<\/aside>\n<\/article>\n","protected":false},"featured_media":8510,"template":"","alueet":[1007,1060,1027],"kasvilajit":[1741],"class_list":["post-16164","kasvit","type-kasvit","status-publish","has-post-thumbnail","hentry","alueet-alppiruusulaakso-sv","alueet-etelrinne-sv","alueet-juhlapaikka-sv","kasvilajit-leucojum"],"_links":{"self":[{"href":"https:\/\/mustila.fi\/sv\/wp-json\/wp\/v2\/kasvit\/16164","targetHints":{"allow":["GET"]}}],"collection":[{"href":"https:\/\/mustila.fi\/sv\/wp-json\/wp\/v2\/kasvit"}],"about":[{"href":"https:\/\/mustila.fi\/sv\/wp-json\/wp\/v2\/types\/kasvit"}],"wp:featuredmedia":[{"embeddable":true,"href":"https:\/\/mustila.fi\/sv\/wp-json\/wp\/v2\/media\/8510"}],"wp:attachment":[{"href":"https:\/\/mustila.fi\/sv\/wp-json\/wp\/v2\/media?parent=16164"}],"wp:term":[{"taxonomy":"alueet","embeddable":true,"href":"https:\/\/mustila.fi\/sv\/wp-json\/wp\/v2\/alueet?post=16164"},{"taxonomy":"kasvilajit","embeddable":true,"href":"https:\/\/mustila.fi\/sv\/wp-json\/wp\/v2\/kasvilajit?post=16164"}],"curies":[{"name":"wp","href":"https:\/\/api.w.org\/{rel}","templated":true}]}}