{"id":16169,"date":"2023-08-10T06:41:28","date_gmt":"2023-08-10T06:41:28","guid":{"rendered":"https:\/\/mustila.fi\/kasvit\/sambucus_ebulus_sommarflader\/"},"modified":"2023-09-25T15:15:13","modified_gmt":"2023-09-25T15:15:13","slug":"sambucusebulus","status":"publish","type":"kasvit","link":"https:\/\/mustila.fi\/sv\/plantor\/sambucusebulus\/","title":{"rendered":"Sambucus ebulus &#8211; sommarfl&#xE4;der"},"content":{"rendered":"<article role=\"article\" class=\"node node-type-plant node-view-mode-full\"><img decoding=\"async\" src=\"https:\/\/mustila.fi\/wp-content\/uploads\/2023\/08\/sambucus_ebulus_kumpula_kristiantheqvist.jpg\" alt=\"sambucus_ebulus_kumpula_kristiantheqvist.jpg\"><\/p>\n<p>I motsats till den vanligare druvfl\u00e4dern  (<em>Sambucus racemosa<\/em>) \u00e4r sommarfl\u00e4der en m\u00e5ng\u00e5rig v\u00e4xt med \u00f6rtstam eller en perenn. De bladrika skaften v\u00e4xer utan f\u00f6rgreningar upp till tv\u00e5 meter under en och samma v\u00e4xtperiod. Under sensommaren bildar sommarfl\u00e4dern 10-15 cm stora vitf\u00e4rgade kvastar i bladskaftens kronor. B\u00e4ren blir svarta n\u00e4r de mognat p\u00e5 h\u00f6sten. Sommarfl\u00e4dern beh\u00f6ver mycket utrymme f\u00f6r sina kraftiga jordstammar och ryms inte in i en liten tr\u00e4dg\u00e5rd.<\/p>\n<p>Sommarfl\u00e4dern hittas i bland i prislistorna med beteckningen &#8221;hela plantan \u00e4r giftig&#8221; och v\u00e4xten har en stark och obehaglig lukt. Tidigare antog man att den starktluktande plantan ocks\u00e5 hade omfattande egenskaper. Alla delar av sommarfl\u00e4dern har anv\u00e4nts inom medicinen. Plantan utgjorde i sig ett fullst\u00e4ndigt apotek med hj\u00e4lp f\u00f6r vilken kr\u00e4mpa som helst. B\u00e4ren anv\u00e4ndes till h\u00e5rf\u00e4rg och alla v\u00e4xtdelar kunde anv\u00e4ndas till att f\u00e4rga tyger.<\/p>\n<p>Den engelska ben\u00e4mningen p\u00e5 sommarfl\u00e4der h\u00e4rr\u00f6r sig fr\u00e5n 1500 -talet. Danewort (eller Daneblood) syftar p\u00e5 antagandet att sommarfl\u00e4dern har uppst\u00e5tt ur danernas blod. V\u00e4xten p\u00e5tr\u00e4ffades n\u00e4mligen p\u00e5 orter d\u00e4r engelsm\u00e4n och daner tidigare hade slagits. En trov\u00e4rdigare f\u00f6rlklaring kunde vara att sommarfl\u00e4dern planterats d\u00e4r som ett minne \u00f6ver de stupade.<\/p>\n<aside id=\"keywords\">\n<h2>Keywords<\/h2>\n<ul>\n<li class=\"ryhmittely\">Perennat<\/li>\n<li class=\"plants\"><a href=\"\" hreflang=\"und\">Sambucus<\/a><\/li>\n<li class=\"plants\"><a href=\"\" hreflang=\"und\">Sambucus ebulus<\/a><\/li>\n<li class=\"location\"><a href=\"https:\/\/mustila.fi\/alueet\/juhlapaikka\" hreflang=\"fi\">Juhlapaikka<\/a><\/li>\n<\/ul>\n<\/aside>\n<\/article>\n","protected":false},"featured_media":8531,"template":"","alueet":[1027],"kasvilajit":[1751],"class_list":["post-16169","kasvit","type-kasvit","status-publish","has-post-thumbnail","hentry","alueet-juhlapaikka-sv","kasvilajit-sambucus-perennat"],"_links":{"self":[{"href":"https:\/\/mustila.fi\/sv\/wp-json\/wp\/v2\/kasvit\/16169","targetHints":{"allow":["GET"]}}],"collection":[{"href":"https:\/\/mustila.fi\/sv\/wp-json\/wp\/v2\/kasvit"}],"about":[{"href":"https:\/\/mustila.fi\/sv\/wp-json\/wp\/v2\/types\/kasvit"}],"wp:featuredmedia":[{"embeddable":true,"href":"https:\/\/mustila.fi\/sv\/wp-json\/wp\/v2\/media\/8531"}],"wp:attachment":[{"href":"https:\/\/mustila.fi\/sv\/wp-json\/wp\/v2\/media?parent=16169"}],"wp:term":[{"taxonomy":"alueet","embeddable":true,"href":"https:\/\/mustila.fi\/sv\/wp-json\/wp\/v2\/alueet?post=16169"},{"taxonomy":"kasvilajit","embeddable":true,"href":"https:\/\/mustila.fi\/sv\/wp-json\/wp\/v2\/kasvilajit?post=16169"}],"curies":[{"name":"wp","href":"https:\/\/api.w.org\/{rel}","templated":true}]}}