{"id":16181,"date":"2023-08-10T06:41:28","date_gmt":"2023-08-10T06:41:28","guid":{"rendered":"https:\/\/mustila.fi\/kasvit\/corydalis_cava_skansk_nunneort_halnunneort\/"},"modified":"2023-09-21T18:57:53","modified_gmt":"2023-09-21T18:57:53","slug":"corydaliscava","status":"publish","type":"kasvit","link":"https:\/\/mustila.fi\/sv\/plantor\/corydaliscava\/","title":{"rendered":"Corydalis cava &#8211; sk&#xE5;nsk nunne&#xF6;rt, h&#xE5;lnunne&#xF6;rt"},"content":{"rendered":"<article role=\"article\" class=\"node node-type-plant node-view-mode-full\"><img decoding=\"async\" src=\"https:\/\/mustila.fi\/wp-content\/uploads\/2023\/08\/corydalis_cava_kukinta.jpg\" alt=\"corydalis_cava_kukinta.jpg\"><\/p>\n<p>Av det stora sl\u00e4ktet nunne\u00f6rt v\u00e4xer hos oss stor nunne\u00f6rt och sm\u00e5nunne\u00f6rt (<em>C. solida<\/em>, <em>C. intermedia<\/em>) naturenligt. H\u00e5lnunne\u00f6rten \u00e4r en sirlig art fr\u00e5n mellersta Europa med violettr\u00f6da ibland vita blommor. Den st\u00f6rsta skillnaden j\u00e4mf\u00f6r med v\u00e5r inhemska arter kan hittas under jordytan. Nunne\u00f6rterna \u00e4r kn\u00f6lv\u00e4xter och h\u00e5lnunne\u00f6rtens kn\u00f6l \u00e4r ih\u00e5lig (cava=ih\u00e5lighet). I naturen sprids h\u00e5lnunne\u00f6rten med fr\u00f6er som myrorna b\u00e4r i v\u00e4g p\u00e5 p\u00e5 grund av n\u00e4ringsv\u00e4rdet. Efter groningen utvecklas kn\u00f6len som under fyra \u00e5r samlar ett n\u00e4ringsf\u00f6rr\u00e5d. N\u00e4r kn\u00f6len f\u00f6r\u00e5ldras f\u00f6rmultnar basen och kn\u00f6len blir ih\u00e5lig, rundsmal och n\u00e5got k\u00e4gelformad.<\/p>\n<p>I Arboretum Mustila blommar h\u00e5lnunne\u00f6rten vid Terrassen b\u00e5de i violett och vitt. V\u00e4xtens blad \u00e4r gr\u00f6na och assimilerar \u00e4nnu efter att fr\u00f6erna har mognat. P\u00e5 det s\u00e4ttet samlar v\u00e4xten n\u00e4ring f\u00f6r f\u00f6ljande blomning. F\u00f6r att bladen inte skal torka f\u00f6r fort torde h\u00e5lnunne\u00f6rten planteras i skugga. I vilket fall som helst s\u00e5 har den vid mitten av sommaren helt f\u00f6rsvunnit ur synh\u00e5ll.<\/p>\n<aside id=\"keywords\">\n<h2>Keywords<\/h2>\n<ul>\n<li class=\"ryhmittely\">Perennat<\/li>\n<li class=\"plants\"><a href=\"\" hreflang=\"und\">Corydalis<\/a><\/li>\n<li class=\"plants\"><a href=\"\" hreflang=\"und\">Corydalis cava<\/a><\/li>\n<li class=\"location\"><a href=\"https:\/\/mustila.fi\/alueet\/havuterassi\" hreflang=\"fi\">Havuterassi<\/a><\/li>\n<\/ul>\n<\/aside>\n<\/article>\n","protected":false},"featured_media":8562,"template":"","alueet":[1016],"kasvilajit":[1321],"class_list":["post-16181","kasvit","type-kasvit","status-publish","has-post-thumbnail","hentry","alueet-havuterassi-sv","kasvilajit-corydalis"],"_links":{"self":[{"href":"https:\/\/mustila.fi\/sv\/wp-json\/wp\/v2\/kasvit\/16181","targetHints":{"allow":["GET"]}}],"collection":[{"href":"https:\/\/mustila.fi\/sv\/wp-json\/wp\/v2\/kasvit"}],"about":[{"href":"https:\/\/mustila.fi\/sv\/wp-json\/wp\/v2\/types\/kasvit"}],"wp:featuredmedia":[{"embeddable":true,"href":"https:\/\/mustila.fi\/sv\/wp-json\/wp\/v2\/media\/8562"}],"wp:attachment":[{"href":"https:\/\/mustila.fi\/sv\/wp-json\/wp\/v2\/media?parent=16181"}],"wp:term":[{"taxonomy":"alueet","embeddable":true,"href":"https:\/\/mustila.fi\/sv\/wp-json\/wp\/v2\/alueet?post=16181"},{"taxonomy":"kasvilajit","embeddable":true,"href":"https:\/\/mustila.fi\/sv\/wp-json\/wp\/v2\/kasvilajit?post=16181"}],"curies":[{"name":"wp","href":"https:\/\/api.w.org\/{rel}","templated":true}]}}